{"id":5613,"date":"2025-03-06T09:59:46","date_gmt":"2025-03-06T08:59:46","guid":{"rendered":"https:\/\/skiandorra.ad\/?page_id=5613"},"modified":"2026-04-16T10:37:18","modified_gmt":"2026-04-16T08:37:18","slug":"noticies","status":"publish","type":"page","link":"https:\/\/skiandorra.ad\/ca\/noticies\/","title":{"rendered":"Not\u00edcies"},"content":{"rendered":"\t\t<div data-elementor-type=\"wp-page\" data-elementor-id=\"5613\" class=\"elementor elementor-5613\" data-elementor-post-type=\"page\">\n\t\t\t\t<div class=\"elementor-element elementor-element-bcc63ae e-flex e-con-boxed e-con e-parent\" data-id=\"bcc63ae\" data-element_type=\"container\">\n\t\t\t\t\t<div class=\"e-con-inner\">\n\t\t<div class=\"elementor-element elementor-element-36a803f e-con-full e-flex e-con e-child\" data-id=\"36a803f\" data-element_type=\"container\">\n\t\t\t\t<div class=\"elementor-element elementor-element-4212a99 elementor-widget__width-initial elementor-widget elementor-widget-heading\" data-id=\"4212a99\" data-element_type=\"widget\" data-widget_type=\"heading.default\">\n\t\t\t\t<div class=\"elementor-widget-container\">\n\t\t\t<style>\/*! elementor - v3.21.0 - 30-04-2024 *\/\n.elementor-heading-title{padding:0;margin:0;line-height:1}.elementor-widget-heading .elementor-heading-title[class*=elementor-size-]>a{color:inherit;font-size:inherit;line-height:inherit}.elementor-widget-heading .elementor-heading-title.elementor-size-small{font-size:15px}.elementor-widget-heading .elementor-heading-title.elementor-size-medium{font-size:19px}.elementor-widget-heading .elementor-heading-title.elementor-size-large{font-size:29px}.elementor-widget-heading .elementor-heading-title.elementor-size-xl{font-size:39px}.elementor-widget-heading .elementor-heading-title.elementor-size-xxl{font-size:59px}<\/style><h2 class=\"elementor-heading-title elementor-size-default\">Les estacions d\u2019esqu\u00ed d\u2019Andorra tanquen una molt bona temporada d\u2019hivern 2025\/26<\/h2>\t\t<\/div>\n\t\t\t\t<\/div>\n\t\t\t\t<\/div>\n\t\t<div class=\"elementor-element elementor-element-2990acb e-con-full e-flex e-con e-child\" data-id=\"2990acb\" data-element_type=\"container\">\n\t\t\t\t<div class=\"elementor-element elementor-element-7cd0342 elementor-widget elementor-widget-heading\" data-id=\"7cd0342\" data-element_type=\"widget\" data-widget_type=\"heading.default\">\n\t\t\t\t<div class=\"elementor-widget-container\">\n\t\t\t<h2 class=\"elementor-heading-title elementor-size-default\">14\/04\/2026<\/h2>\t\t<\/div>\n\t\t\t\t<\/div>\n\t\t\t\t<\/div>\n\t\t\t\t\t<\/div>\n\t\t\t\t<\/div>\n\t\t<div class=\"elementor-element elementor-element-233dec2 elementor-hidden-mobile e-flex e-con-boxed e-con e-parent\" data-id=\"233dec2\" data-element_type=\"container\">\n\t\t\t\t\t<div class=\"e-con-inner\">\n\t\t<div class=\"elementor-element elementor-element-5ccd363 e-con-full e-flex e-con e-child\" data-id=\"5ccd363\" data-element_type=\"container\">\n\t\t\t\t<div class=\"elementor-element elementor-element-a60ad0d elementor-widget elementor-widget-text-editor\" data-id=\"a60ad0d\" data-element_type=\"widget\" data-widget_type=\"text-editor.default\">\n\t\t\t\t<div class=\"elementor-widget-container\">\n\t\t\t<style>\/*! elementor - v3.21.0 - 30-04-2024 *\/\n.elementor-widget-text-editor.elementor-drop-cap-view-stacked .elementor-drop-cap{background-color:#69727d;color:#fff}.elementor-widget-text-editor.elementor-drop-cap-view-framed .elementor-drop-cap{color:#69727d;border:3px solid;background-color:transparent}.elementor-widget-text-editor:not(.elementor-drop-cap-view-default) .elementor-drop-cap{margin-top:8px}.elementor-widget-text-editor:not(.elementor-drop-cap-view-default) .elementor-drop-cap-letter{width:1em;height:1em}.elementor-widget-text-editor .elementor-drop-cap{float:left;text-align:center;line-height:1;font-size:50px}.elementor-widget-text-editor .elementor-drop-cap-letter{display:inline-block}<\/style>\t\t\t\t<p class=\"p1\">Amb un balan\u00e7 positiu, les estacions d\u2019esqu\u00ed d\u2019Andorra han donat per finalitzada la temporada el diumenge 12 d\u2019abril, amb 2.382.805 dies d\u2019esqu\u00ed venuts, un creixement del 2,7% respecte l\u2019hivern passat i un augment del 4,25% en la xifra de negoci..<\/p><p>Ha estat un hivern marcat per unes condicions de neu excepcionals i gruixos acumulats hist\u00f2rics, fet que ha perm\u00e8s oferir el 100% de les pistes obertes durant la major part dels dies. Tot i els bons resultats, les estacions s\u2019han vist afectades per les complicacions meteorol\u00f2giques en un total de 10 caps de setmana dels 18 totals, aix\u00ed com per les afectacions causades pels constants talls a la carretera d\u2019acc\u00e9s a Andorra des de Fran\u00e7a, destacant l\u2019esllavissada a la RN-20, que va mantenir la via tallada 37 dies afectant especialment els clients d\u2019estades curtes.<\/p><p>Les estacions ja es preparen per a la temporada d\u2019estiu, amb obertures progressives a partir del 6 de juny, comen\u00e7ant amb l\u2019acc\u00e9s al Mirador Solar de Tristaina. La data oficial de l\u2019inici de la temporada ser\u00e0 el 20 de juny.<\/p>\t\t\t\t\t\t<\/div>\n\t\t\t\t<\/div>\n\t\t\t\t<\/div>\n\t\t<div class=\"elementor-element elementor-element-8d1b6e8 e-flex e-con-boxed e-con e-child\" data-id=\"8d1b6e8\" data-element_type=\"container\" data-settings=\"{&quot;background_background&quot;:&quot;slideshow&quot;,&quot;background_slideshow_gallery&quot;:[{&quot;id&quot;:6695,&quot;url&quot;:&quot;https:\\\/\\\/skiandorra.ad\\\/wp-content\\\/uploads\\\/2026\\\/04\\\/closing1.jpg&quot;},{&quot;id&quot;:6694,&quot;url&quot;:&quot;https:\\\/\\\/skiandorra.ad\\\/wp-content\\\/uploads\\\/2026\\\/04\\\/closing2.jpg&quot;},{&quot;id&quot;:6693,&quot;url&quot;:&quot;https:\\\/\\\/skiandorra.ad\\\/wp-content\\\/uploads\\\/2026\\\/04\\\/closing3.jpg&quot;}],&quot;background_slideshow_loop&quot;:&quot;yes&quot;,&quot;background_slideshow_slide_duration&quot;:5000,&quot;background_slideshow_slide_transition&quot;:&quot;fade&quot;,&quot;background_slideshow_transition_duration&quot;:500}\">\n\t\t\t\t\t<div class=\"e-con-inner\">\n\t\t\t\t\t<\/div>\n\t\t\t\t<\/div>\n\t\t\t\t\t<\/div>\n\t\t\t\t<\/div>\n\t\t<div class=\"elementor-element elementor-element-13c6be2 elementor-hidden-desktop elementor-hidden-tablet e-flex e-con-boxed e-con e-parent\" data-id=\"13c6be2\" data-element_type=\"container\">\n\t\t\t\t\t<div class=\"e-con-inner\">\n\t\t<div class=\"elementor-element elementor-element-4c0ac6f e-con-full e-flex e-con e-child\" data-id=\"4c0ac6f\" data-element_type=\"container\">\n\t\t\t\t<div class=\"elementor-element elementor-element-f4e5297 elementor-widget elementor-widget-text-editor\" data-id=\"f4e5297\" data-element_type=\"widget\" data-widget_type=\"text-editor.default\">\n\t\t\t\t<div class=\"elementor-widget-container\">\n\t\t\t\t\t\t\t<p>Amb un balan\u00e7 positiu, les estacions d\u2019esqu\u00ed d\u2019Andorra han donat per finalitzada la temporada el diumenge 12 d\u2019abril, amb 2.382.805 dies d\u2019esqu\u00ed venuts, un creixement del 2,7% respecte l\u2019hivern passat i un augment del 4,25% en la xifra de negoci.<\/p><p>Ha estat un hivern marcat per unes condicions de neu excepcionals i gruixos acumulats hist\u00f2rics, fet que ha perm\u00e8s oferir el 100% de les pistes obertes durant la<br \/>major part dels dies. Tot i els bons resultats, les estacions s\u2019han vist afectades per les complicacions meteorol\u00f2giques en un total de 10 caps de setmana dels 18 totals, aix\u00ed com per les afectacions causades pels constants talls a la carretera d\u2019acc\u00e9s a Andorra des de Fran\u00e7a, destacant l\u2019esllavissada a la RN-20, que va mantenir la via tallada 37 dies afectant especialment els clients d\u2019estades curtes.<\/p><p>Les estacions ja es preparen per a la temporada d\u2019estiu, amb obertures progressives a partir del 6 de juny, comen\u00e7ant amb l\u2019acc\u00e9s al Mirador Solar de Tristaina. La data oficial de l\u2019inici de la temporada ser\u00e0 el 20 de juny.<\/p>\t\t\t\t\t\t<\/div>\n\t\t\t\t<\/div>\n\t\t\t\t<\/div>\n\t\t<div class=\"elementor-element elementor-element-1a716f6 e-flex e-con-boxed e-con e-child\" data-id=\"1a716f6\" data-element_type=\"container\" data-settings=\"{&quot;background_background&quot;:&quot;slideshow&quot;,&quot;background_slideshow_gallery&quot;:[{&quot;id&quot;:6693,&quot;url&quot;:&quot;https:\\\/\\\/skiandorra.ad\\\/wp-content\\\/uploads\\\/2026\\\/04\\\/closing3.jpg&quot;},{&quot;id&quot;:6694,&quot;url&quot;:&quot;https:\\\/\\\/skiandorra.ad\\\/wp-content\\\/uploads\\\/2026\\\/04\\\/closing2.jpg&quot;},{&quot;id&quot;:6695,&quot;url&quot;:&quot;https:\\\/\\\/skiandorra.ad\\\/wp-content\\\/uploads\\\/2026\\\/04\\\/closing1.jpg&quot;}],&quot;background_slideshow_loop&quot;:&quot;yes&quot;,&quot;background_slideshow_slide_duration&quot;:5000,&quot;background_slideshow_slide_transition&quot;:&quot;fade&quot;,&quot;background_slideshow_transition_duration&quot;:500}\">\n\t\t\t\t\t<div class=\"e-con-inner\">\n\t\t\t\t\t<\/div>\n\t\t\t\t<\/div>\n\t\t\t\t\t<\/div>\n\t\t\t\t<\/div>\n\t\t<div class=\"elementor-element elementor-element-9edfa30 e-flex e-con-boxed e-con e-parent\" data-id=\"9edfa30\" data-element_type=\"container\">\n\t\t\t\t\t<div class=\"e-con-inner\">\n\t\t<div class=\"elementor-element elementor-element-3b418a5 e-con-full e-flex e-con e-child\" data-id=\"3b418a5\" data-element_type=\"container\">\n\t\t\t\t<div class=\"elementor-element elementor-element-d505087 elementor-widget__width-initial elementor-widget elementor-widget-heading\" data-id=\"d505087\" data-element_type=\"widget\" data-widget_type=\"heading.default\">\n\t\t\t\t<div class=\"elementor-widget-container\">\n\t\t\t<h2 class=\"elementor-heading-title elementor-size-default\">Ex\u00e0mens pr\u00e0ctics de conductors de telecadires i m\u00e0quines trepitjaneu<\/h2>\t\t<\/div>\n\t\t\t\t<\/div>\n\t\t\t\t<\/div>\n\t\t<div class=\"elementor-element elementor-element-ab5f69c e-con-full e-flex e-con e-child\" data-id=\"ab5f69c\" data-element_type=\"container\">\n\t\t\t\t<div class=\"elementor-element elementor-element-749e62b elementor-widget elementor-widget-heading\" data-id=\"749e62b\" data-element_type=\"widget\" data-widget_type=\"heading.default\">\n\t\t\t\t<div class=\"elementor-widget-container\">\n\t\t\t<h2 class=\"elementor-heading-title elementor-size-default\">13\/04\/2026<\/h2>\t\t<\/div>\n\t\t\t\t<\/div>\n\t\t\t\t<\/div>\n\t\t\t\t\t<\/div>\n\t\t\t\t<\/div>\n\t\t<div class=\"elementor-element elementor-element-d53895d elementor-hidden-mobile e-flex e-con-boxed e-con e-parent\" data-id=\"d53895d\" data-element_type=\"container\">\n\t\t\t\t\t<div class=\"e-con-inner\">\n\t\t<div class=\"elementor-element elementor-element-1d452e0 e-con-full e-flex e-con e-child\" data-id=\"1d452e0\" data-element_type=\"container\">\n\t\t\t\t<div class=\"elementor-element elementor-element-45b135f elementor-widget elementor-widget-text-editor\" data-id=\"45b135f\" data-element_type=\"widget\" data-widget_type=\"text-editor.default\">\n\t\t\t\t<div class=\"elementor-widget-container\">\n\t\t\t\t\t\t\t<p class=\"p1\">Donem per finalitzada l\u2019organitzaci\u00f3 dels ex\u00e0mens pr\u00e0ctics d\u2019explotaci\u00f3 per als conductors de telecadires i de m\u00e0quines trepitjaneu.<br \/><br \/>Enguany, s\u2019han examinat prop de 40 candidats d\u2019aquesta part pr\u00e0ctica entre el 9 de mar\u00e7 i el 13 d\u2019abril, despr\u00e9s d\u2019haver superat la part te\u00f2rica a principis de febrer. Els candidats que superin aquesta part pr\u00e0ctica obtindran el certificat de qualificaci\u00f3 professional acreditant aix\u00ed la seva capacitat i experi\u00e8ncia.<br \/><br \/>Aquests ex\u00e0mens s\u00f3n possibles gr\u00e0cies a la col\u00b7laboraci\u00f3 dels jurats i presidents de sessi\u00f3, que exerceixen la seva tasca d\u2019avaluaci\u00f3 amb professionalitat i rigor.<\/p>\t\t\t\t\t\t<\/div>\n\t\t\t\t<\/div>\n\t\t\t\t<\/div>\n\t\t<div class=\"elementor-element elementor-element-327dc6d e-flex e-con-boxed e-con e-child\" data-id=\"327dc6d\" data-element_type=\"container\" data-settings=\"{&quot;background_background&quot;:&quot;slideshow&quot;,&quot;background_slideshow_gallery&quot;:[{&quot;id&quot;:6687,&quot;url&quot;:&quot;https:\\\/\\\/skiandorra.ad\\\/wp-content\\\/uploads\\\/2026\\\/04\\\/telecadira2.jpg&quot;},{&quot;id&quot;:6688,&quot;url&quot;:&quot;https:\\\/\\\/skiandorra.ad\\\/wp-content\\\/uploads\\\/2026\\\/04\\\/telecadira1.jpg&quot;}],&quot;background_slideshow_loop&quot;:&quot;yes&quot;,&quot;background_slideshow_slide_duration&quot;:5000,&quot;background_slideshow_slide_transition&quot;:&quot;fade&quot;,&quot;background_slideshow_transition_duration&quot;:500}\">\n\t\t\t\t\t<div class=\"e-con-inner\">\n\t\t\t\t\t<\/div>\n\t\t\t\t<\/div>\n\t\t\t\t\t<\/div>\n\t\t\t\t<\/div>\n\t\t<div class=\"elementor-element elementor-element-f029356 elementor-hidden-desktop elementor-hidden-tablet e-flex e-con-boxed e-con e-parent\" data-id=\"f029356\" data-element_type=\"container\">\n\t\t\t\t\t<div class=\"e-con-inner\">\n\t\t<div class=\"elementor-element elementor-element-af18bad e-con-full e-flex e-con e-child\" data-id=\"af18bad\" data-element_type=\"container\">\n\t\t\t\t<div class=\"elementor-element elementor-element-06373ad elementor-widget elementor-widget-text-editor\" data-id=\"06373ad\" data-element_type=\"widget\" data-widget_type=\"text-editor.default\">\n\t\t\t\t<div class=\"elementor-widget-container\">\n\t\t\t\t\t\t\t<p>Donem per finalitzada l\u2019organitzaci\u00f3 dels ex\u00e0mens pr\u00e0ctics d\u2019explotaci\u00f3 per als conductors de telecadires i de m\u00e0quines trepitjaneu.<\/p><p>Enguany, s\u2019han examinat prop de 40 candidats d\u2019aquesta part pr\u00e0ctica entre el 9 de mar\u00e7 i el 13 d\u2019abril, despr\u00e9s d\u2019haver superat la part te\u00f2rica a principis de febrer. Els candidats que superin aquesta part pr\u00e0ctica obtindran el certificat de qualificaci\u00f3 professional acreditant aix\u00ed la seva capacitat i experi\u00e8ncia.<\/p><p>Aquests ex\u00e0mens s\u00f3n possibles gr\u00e0cies a la col\u00b7laboraci\u00f3 dels jurats i presidents de sessi\u00f3, que exerceixen la seva tasca d\u2019avaluaci\u00f3 amb professionalitat i rigor.<\/p>\t\t\t\t\t\t<\/div>\n\t\t\t\t<\/div>\n\t\t\t\t<\/div>\n\t\t<div class=\"elementor-element elementor-element-8d206fa e-flex e-con-boxed e-con e-child\" data-id=\"8d206fa\" data-element_type=\"container\" data-settings=\"{&quot;background_background&quot;:&quot;slideshow&quot;,&quot;background_slideshow_gallery&quot;:[{&quot;id&quot;:6688,&quot;url&quot;:&quot;https:\\\/\\\/skiandorra.ad\\\/wp-content\\\/uploads\\\/2026\\\/04\\\/telecadira1.jpg&quot;},{&quot;id&quot;:6687,&quot;url&quot;:&quot;https:\\\/\\\/skiandorra.ad\\\/wp-content\\\/uploads\\\/2026\\\/04\\\/telecadira2.jpg&quot;}],&quot;background_slideshow_loop&quot;:&quot;yes&quot;,&quot;background_slideshow_slide_duration&quot;:5000,&quot;background_slideshow_slide_transition&quot;:&quot;fade&quot;,&quot;background_slideshow_transition_duration&quot;:500}\">\n\t\t\t\t\t<div class=\"e-con-inner\">\n\t\t\t\t\t<\/div>\n\t\t\t\t<\/div>\n\t\t\t\t\t<\/div>\n\t\t\t\t<\/div>\n\t\t<div class=\"elementor-element elementor-element-4af569f e-flex e-con-boxed e-con e-parent\" data-id=\"4af569f\" data-element_type=\"container\">\n\t\t\t\t\t<div class=\"e-con-inner\">\n\t\t<div class=\"elementor-element elementor-element-96a50f4 e-con-full e-flex e-con e-child\" data-id=\"96a50f4\" data-element_type=\"container\">\n\t\t\t\t<div class=\"elementor-element elementor-element-51e4120 elementor-widget__width-initial elementor-widget elementor-widget-heading\" data-id=\"51e4120\" data-element_type=\"widget\" data-widget_type=\"heading.default\">\n\t\t\t\t<div class=\"elementor-widget-container\">\n\t\t\t<h2 class=\"elementor-heading-title elementor-size-default\">Ex\u00e0mens  Pister socorrista 1r grau<\/h2>\t\t<\/div>\n\t\t\t\t<\/div>\n\t\t\t\t<\/div>\n\t\t<div class=\"elementor-element elementor-element-a4904c0 e-con-full e-flex e-con e-child\" data-id=\"a4904c0\" data-element_type=\"container\">\n\t\t\t\t<div class=\"elementor-element elementor-element-cab46e4 elementor-widget elementor-widget-heading\" data-id=\"cab46e4\" data-element_type=\"widget\" data-widget_type=\"heading.default\">\n\t\t\t\t<div class=\"elementor-widget-container\">\n\t\t\t<h2 class=\"elementor-heading-title elementor-size-default\">31\/03\/2026\n<\/h2>\t\t<\/div>\n\t\t\t\t<\/div>\n\t\t\t\t<\/div>\n\t\t\t\t\t<\/div>\n\t\t\t\t<\/div>\n\t\t<div class=\"elementor-element elementor-element-7b12487 elementor-hidden-mobile e-flex e-con-boxed e-con e-parent\" data-id=\"7b12487\" data-element_type=\"container\">\n\t\t\t\t\t<div class=\"e-con-inner\">\n\t\t<div class=\"elementor-element elementor-element-cbb7103 e-con-full e-flex e-con e-child\" data-id=\"cbb7103\" data-element_type=\"container\">\n\t\t\t\t<div class=\"elementor-element elementor-element-ec8cb33 elementor-widget elementor-widget-text-editor\" data-id=\"ec8cb33\" data-element_type=\"widget\" data-widget_type=\"text-editor.default\">\n\t\t\t\t<div class=\"elementor-widget-container\">\n\t\t\t\t\t\t\t<p class=\"p1\">Despr\u00e9s de 5 setmanes de formaci\u00f3, un total de deu candidats s\u2019han presentat a l\u2019examen que ha tingut lloc a l\u2019estaci\u00f3 d\u2019Ordino Arcalis.<\/p><p class=\"p1\">Els ex\u00e0mens consten de diferents tallers sobre el contingut que s\u2019ha fet durant la formaci\u00f3: coneixements generals en el medi de la muntanya, primers auxilis adaptats a la muntanya, t\u00e8cniques de rescat, prevenci\u00f3 d\u2019accidents, allaus i nivologia.<\/p><p class=\"p1\">Tots els candidats al curs han superat les proves satisfact\u00f2riament obtenint aix\u00ed la titulaci\u00f3 de Pister Socorrista 1r Grau.<\/p>\t\t\t\t\t\t<\/div>\n\t\t\t\t<\/div>\n\t\t\t\t<\/div>\n\t\t<div class=\"elementor-element elementor-element-3bcb91b e-flex e-con-boxed e-con e-child\" data-id=\"3bcb91b\" data-element_type=\"container\" data-settings=\"{&quot;background_background&quot;:&quot;slideshow&quot;,&quot;background_slideshow_gallery&quot;:[{&quot;id&quot;:6649,&quot;url&quot;:&quot;https:\\\/\\\/skiandorra.ad\\\/wp-content\\\/uploads\\\/2026\\\/04\\\/20260330_114125-scaled.jpg&quot;},{&quot;id&quot;:6652,&quot;url&quot;:&quot;https:\\\/\\\/skiandorra.ad\\\/wp-content\\\/uploads\\\/2026\\\/04\\\/IMG-20260401-WA0001.jpg&quot;},{&quot;id&quot;:6650,&quot;url&quot;:&quot;https:\\\/\\\/skiandorra.ad\\\/wp-content\\\/uploads\\\/2026\\\/04\\\/IMG-20260401-WA0000.jpg&quot;},{&quot;id&quot;:6666,&quot;url&quot;:&quot;https:\\\/\\\/skiandorra.ad\\\/wp-content\\\/uploads\\\/2026\\\/04\\\/2026_Pisters_amb_Formadors.jpg&quot;}],&quot;background_slideshow_loop&quot;:&quot;yes&quot;,&quot;background_slideshow_slide_duration&quot;:5000,&quot;background_slideshow_slide_transition&quot;:&quot;fade&quot;,&quot;background_slideshow_transition_duration&quot;:500}\">\n\t\t\t\t\t<div class=\"e-con-inner\">\n\t\t\t\t\t<\/div>\n\t\t\t\t<\/div>\n\t\t\t\t\t<\/div>\n\t\t\t\t<\/div>\n\t\t<div class=\"elementor-element elementor-element-dd4219f elementor-hidden-desktop elementor-hidden-tablet e-flex e-con-boxed e-con e-parent\" data-id=\"dd4219f\" data-element_type=\"container\">\n\t\t\t\t\t<div class=\"e-con-inner\">\n\t\t<div class=\"elementor-element elementor-element-a285538 e-con-full e-flex e-con e-child\" data-id=\"a285538\" data-element_type=\"container\">\n\t\t\t\t<div class=\"elementor-element elementor-element-24535cb elementor-widget elementor-widget-text-editor\" data-id=\"24535cb\" data-element_type=\"widget\" data-widget_type=\"text-editor.default\">\n\t\t\t\t<div class=\"elementor-widget-container\">\n\t\t\t\t\t\t\t<p class=\"p1\">Despr\u00e9s de 5 setmanes de formaci\u00f3, un total de deu candidats s\u2019han presentat a l\u2019examen<span class=\"Apple-converted-space\">\u00a0 <\/span>que ha tingut lloc a l\u2019estaci\u00f3 d\u2019Ordino Arcalis.<\/p><p class=\"p1\">Els ex\u00e0mens consten de diferents tallers sobre el contingut que s\u2019ha fet durant la formaci\u00f3: coneixements generals en el medi de la muntanya, primers auxilis adaptats a la muntanya, t\u00e8cniques de rescat, prevenci\u00f3 d\u2019accidents,<span class=\"Apple-converted-space\">\u00a0 <\/span>allaus i nivologia.<\/p><p class=\"p1\">Tots els candidats al curs han superat les proves satisfact\u00f2riament obtenint aix\u00ed la titulaci\u00f3 de Pister Socorrista 1r Grau.<\/p>\t\t\t\t\t\t<\/div>\n\t\t\t\t<\/div>\n\t\t\t\t<\/div>\n\t\t<div class=\"elementor-element elementor-element-ed7a52d e-flex e-con-boxed e-con e-child\" data-id=\"ed7a52d\" data-element_type=\"container\" data-settings=\"{&quot;background_background&quot;:&quot;slideshow&quot;,&quot;background_slideshow_gallery&quot;:[{&quot;id&quot;:6649,&quot;url&quot;:&quot;https:\\\/\\\/skiandorra.ad\\\/wp-content\\\/uploads\\\/2026\\\/04\\\/20260330_114125-scaled.jpg&quot;},{&quot;id&quot;:6652,&quot;url&quot;:&quot;https:\\\/\\\/skiandorra.ad\\\/wp-content\\\/uploads\\\/2026\\\/04\\\/IMG-20260401-WA0001.jpg&quot;},{&quot;id&quot;:6650,&quot;url&quot;:&quot;https:\\\/\\\/skiandorra.ad\\\/wp-content\\\/uploads\\\/2026\\\/04\\\/IMG-20260401-WA0000.jpg&quot;},{&quot;id&quot;:6666,&quot;url&quot;:&quot;https:\\\/\\\/skiandorra.ad\\\/wp-content\\\/uploads\\\/2026\\\/04\\\/2026_Pisters_amb_Formadors.jpg&quot;}],&quot;background_slideshow_loop&quot;:&quot;yes&quot;,&quot;background_slideshow_slide_duration&quot;:5000,&quot;background_slideshow_slide_transition&quot;:&quot;fade&quot;,&quot;background_slideshow_transition_duration&quot;:500}\">\n\t\t\t\t\t<div class=\"e-con-inner\">\n\t\t\t\t\t<\/div>\n\t\t\t\t<\/div>\n\t\t\t\t\t<\/div>\n\t\t\t\t<\/div>\n\t\t<div class=\"elementor-element elementor-element-c5f08ce e-flex e-con-boxed e-con e-parent\" data-id=\"c5f08ce\" data-element_type=\"container\">\n\t\t\t\t\t<div class=\"e-con-inner\">\n\t\t<div class=\"elementor-element elementor-element-df35577 e-con-full e-flex e-con e-child\" data-id=\"df35577\" data-element_type=\"container\">\n\t\t\t\t<div class=\"elementor-element elementor-element-abd2b75 elementor-widget__width-initial elementor-widget elementor-widget-heading\" data-id=\"abd2b75\" data-element_type=\"widget\" data-widget_type=\"heading.default\">\n\t\t\t\t<div class=\"elementor-widget-container\">\n\t\t\t<h2 class=\"elementor-heading-title elementor-size-default\">Ex\u00e0mens d\u2019explotaci\u00f3<\/h2>\t\t<\/div>\n\t\t\t\t<\/div>\n\t\t\t\t<\/div>\n\t\t<div class=\"elementor-element elementor-element-9e2aa1a e-con-full e-flex e-con e-child\" data-id=\"9e2aa1a\" data-element_type=\"container\">\n\t\t\t\t<div class=\"elementor-element elementor-element-9b7ae0b elementor-widget elementor-widget-heading\" data-id=\"9b7ae0b\" data-element_type=\"widget\" data-widget_type=\"heading.default\">\n\t\t\t\t<div class=\"elementor-widget-container\">\n\t\t\t<h2 class=\"elementor-heading-title elementor-size-default\">09\/02\/2026\n<\/h2>\t\t<\/div>\n\t\t\t\t<\/div>\n\t\t\t\t<\/div>\n\t\t\t\t\t<\/div>\n\t\t\t\t<\/div>\n\t\t<div class=\"elementor-element elementor-element-bd3741a elementor-hidden-mobile e-flex e-con-boxed e-con e-parent\" data-id=\"bd3741a\" data-element_type=\"container\">\n\t\t\t\t\t<div class=\"e-con-inner\">\n\t\t<div class=\"elementor-element elementor-element-2c22ce2 e-con-full e-flex e-con e-child\" data-id=\"2c22ce2\" data-element_type=\"container\">\n\t\t\t\t<div class=\"elementor-element elementor-element-904ebdb elementor-widget elementor-widget-text-editor\" data-id=\"904ebdb\" data-element_type=\"widget\" data-widget_type=\"text-editor.default\">\n\t\t\t\t<div class=\"elementor-widget-container\">\n\t\t\t\t\t\t\t<p class=\"p1\">Durant la segona quinzena de gener s\u2019han dut a terme els ex\u00e0mens d\u2019explotaci\u00f3 pels treballadors de les estacions d\u2019esqu\u00ed. S\u2019han fet les proves de l\u2019examen d\u2019Agent de remuntadors mec\u00e0nics i dominis esquiables, aix\u00ed com la part te\u00f2rica dels ex\u00e0mens per a conductors de remuntadors i m\u00e0quines trepitjaneu. Les proves s\u2019han celebrat al cel Centre de Congressos d\u2019Andorra la Vella i han comptat amb la participaci\u00f3 de 240 persones.<\/p><p class=\"p1\">M\u00e9s informaci\u00f3:<\/p><p><a href=\"https:\/\/skiandorra.ad\/ca\/examens-agent-de-remuntadors-mecanics-i-dominis-esquiables\/\" target=\"_blank\" rel=\"noopener\"><span style=\"color: #76aee1;\">Ex\u00e0mens agent de remuntadors mec\u00e0nics i dominis esquiables<\/span><\/a><\/p>\t\t\t\t\t\t<\/div>\n\t\t\t\t<\/div>\n\t\t\t\t<\/div>\n\t\t<div class=\"elementor-element elementor-element-9622295 e-flex e-con-boxed e-con e-child\" data-id=\"9622295\" data-element_type=\"container\" data-settings=\"{&quot;background_background&quot;:&quot;slideshow&quot;,&quot;background_slideshow_gallery&quot;:[{&quot;id&quot;:6611,&quot;url&quot;:&quot;https:\\\/\\\/skiandorra.ad\\\/wp-content\\\/uploads\\\/2026\\\/02\\\/WhatsApp-Image-2026-01-29-at-16.20.52-1.jpeg&quot;}],&quot;background_slideshow_loop&quot;:&quot;yes&quot;,&quot;background_slideshow_slide_duration&quot;:5000,&quot;background_slideshow_slide_transition&quot;:&quot;fade&quot;,&quot;background_slideshow_transition_duration&quot;:500}\">\n\t\t\t\t\t<div class=\"e-con-inner\">\n\t\t\t\t\t<\/div>\n\t\t\t\t<\/div>\n\t\t\t\t\t<\/div>\n\t\t\t\t<\/div>\n\t\t<div class=\"elementor-element elementor-element-b792b30 elementor-hidden-desktop elementor-hidden-tablet e-flex e-con-boxed e-con e-parent\" data-id=\"b792b30\" data-element_type=\"container\">\n\t\t\t\t\t<div class=\"e-con-inner\">\n\t\t<div class=\"elementor-element elementor-element-2489576 e-con-full e-flex e-con e-child\" data-id=\"2489576\" data-element_type=\"container\">\n\t\t\t\t<div class=\"elementor-element elementor-element-70976be elementor-widget elementor-widget-text-editor\" data-id=\"70976be\" data-element_type=\"widget\" data-widget_type=\"text-editor.default\">\n\t\t\t\t<div class=\"elementor-widget-container\">\n\t\t\t\t\t\t\t<p class=\"p1\">Durant la segona quinzena de gener s\u2019han dut a terme els ex\u00e0mens d\u2019explotaci\u00f3 pels treballadors de les estacions d\u2019esqu\u00ed. S\u2019han fet les proves de l\u2019examen d\u2019Agent de remuntadors mec\u00e0nics i dominis esquiables, aix\u00ed com la part te\u00f2rica dels ex\u00e0mens per a conductors de remuntadors i m\u00e0quines trepitjaneu. Les proves s\u2019han celebrat al cel Centre de Congressos d\u2019Andorra la Vella i han comptat amb la participaci\u00f3 de 240 persones.<\/p><p class=\"p1\">M\u00e9s informaci\u00f3:<\/p><p><a href=\"https:\/\/skiandorra.ad\/ca\/examens-agent-de-remuntadors-mecanics-i-dominis-esquiables\/\" target=\"_blank\" rel=\"noopener\"><span style=\"color: #76aee1;\">Ex\u00e0mens agent de remuntadors mec\u00e0nics i dominis esquiables<\/span><\/a><\/p>\t\t\t\t\t\t<\/div>\n\t\t\t\t<\/div>\n\t\t\t\t<\/div>\n\t\t<div class=\"elementor-element elementor-element-0798494 e-flex e-con-boxed e-con e-child\" data-id=\"0798494\" data-element_type=\"container\" data-settings=\"{&quot;background_background&quot;:&quot;slideshow&quot;,&quot;background_slideshow_gallery&quot;:[{&quot;id&quot;:6611,&quot;url&quot;:&quot;https:\\\/\\\/skiandorra.ad\\\/wp-content\\\/uploads\\\/2026\\\/02\\\/WhatsApp-Image-2026-01-29-at-16.20.52-1.jpeg&quot;}],&quot;background_slideshow_loop&quot;:&quot;yes&quot;,&quot;background_slideshow_slide_duration&quot;:5000,&quot;background_slideshow_slide_transition&quot;:&quot;fade&quot;,&quot;background_slideshow_transition_duration&quot;:500}\">\n\t\t\t\t\t<div class=\"e-con-inner\">\n\t\t\t\t\t<\/div>\n\t\t\t\t<\/div>\n\t\t\t\t\t<\/div>\n\t\t\t\t<\/div>\n\t\t<div class=\"elementor-element elementor-element-da8d311 e-flex e-con-boxed e-con e-parent\" data-id=\"da8d311\" data-element_type=\"container\">\n\t\t\t\t\t<div class=\"e-con-inner\">\n\t\t<div class=\"elementor-element elementor-element-f7de345 e-con-full e-flex e-con e-child\" data-id=\"f7de345\" data-element_type=\"container\">\n\t\t\t\t<div class=\"elementor-element elementor-element-7419873 elementor-widget__width-initial elementor-widget elementor-widget-heading\" data-id=\"7419873\" data-element_type=\"widget\" data-widget_type=\"heading.default\">\n\t\t\t\t<div class=\"elementor-widget-container\">\n\t\t\t<h2 class=\"elementor-heading-title elementor-size-default\">Esqu\u00ed de muntanya a les estacions<\/h2>\t\t<\/div>\n\t\t\t\t<\/div>\n\t\t\t\t<\/div>\n\t\t<div class=\"elementor-element elementor-element-ad55cf9 e-con-full e-flex e-con e-child\" data-id=\"ad55cf9\" data-element_type=\"container\">\n\t\t\t\t<div class=\"elementor-element elementor-element-f0fd7d8 elementor-widget elementor-widget-heading\" data-id=\"f0fd7d8\" data-element_type=\"widget\" data-widget_type=\"heading.default\">\n\t\t\t\t<div class=\"elementor-widget-container\">\n\t\t\t<h2 class=\"elementor-heading-title elementor-size-default\">19\/01\/2026\n<\/h2>\t\t<\/div>\n\t\t\t\t<\/div>\n\t\t\t\t<\/div>\n\t\t\t\t\t<\/div>\n\t\t\t\t<\/div>\n\t\t<div class=\"elementor-element elementor-element-7f5fa91 elementor-hidden-mobile e-flex e-con-boxed e-con e-parent\" data-id=\"7f5fa91\" data-element_type=\"container\">\n\t\t\t\t\t<div class=\"e-con-inner\">\n\t\t<div class=\"elementor-element elementor-element-1cdcaeb e-con-full e-flex e-con e-child\" data-id=\"1cdcaeb\" data-element_type=\"container\">\n\t\t\t\t<div class=\"elementor-element elementor-element-02630ec elementor-widget elementor-widget-text-editor\" data-id=\"02630ec\" data-element_type=\"widget\" data-widget_type=\"text-editor.default\">\n\t\t\t\t<div class=\"elementor-widget-container\">\n\t\t\t\t\t\t\t<p class=\"p1\">Si practiques l\u2019esqu\u00ed de muntanya a les estacions, \u00e9s imprescindible que consultis pr\u00e8viament els itineraris autoritzats, les pistes permeses de cada estaci\u00f3 i els horaris establerts, tant durant l\u2019horari d\u2019obertura al p\u00fablic com fora d\u2019aquest.<\/p><p class=\"p1\">La pr\u00e0ctica de l\u2019esqu\u00ed de muntanya s\u2019ha de fer sempre respectant les normes de seguretat, la senyalitzaci\u00f3, les recomanacions i les instruccions del personal acreditat de l\u2019estaci\u00f3, amb l\u2019objectiu de garantir una activitat segura i compatible amb la resta d\u2019usuaris.<\/p><p class=\"p1\">M\u00e9s informaci\u00f3:<\/p><p><a href=\"https:\/\/skiandorra.ad\/ca\/esqui-de-muntanya-a-les-estacions-de-muntanya\/\" target=\"_blank\" rel=\"noopener\"><span style=\"color: #76aee1;\">Esqui de muntanya a les estacions de muntanya<\/span><\/a><\/p>\t\t\t\t\t\t<\/div>\n\t\t\t\t<\/div>\n\t\t\t\t<\/div>\n\t\t<div class=\"elementor-element elementor-element-03b3f9b e-flex e-con-boxed e-con e-child\" data-id=\"03b3f9b\" data-element_type=\"container\" data-settings=\"{&quot;background_background&quot;:&quot;slideshow&quot;,&quot;background_slideshow_gallery&quot;:[{&quot;id&quot;:6584,&quot;url&quot;:&quot;https:\\\/\\\/skiandorra.ad\\\/wp-content\\\/uploads\\\/2026\\\/01\\\/MUNTANYA-1.png&quot;}],&quot;background_slideshow_loop&quot;:&quot;yes&quot;,&quot;background_slideshow_slide_duration&quot;:5000,&quot;background_slideshow_slide_transition&quot;:&quot;fade&quot;,&quot;background_slideshow_transition_duration&quot;:500}\">\n\t\t\t\t\t<div class=\"e-con-inner\">\n\t\t\t\t\t<\/div>\n\t\t\t\t<\/div>\n\t\t\t\t\t<\/div>\n\t\t\t\t<\/div>\n\t\t<div class=\"elementor-element elementor-element-14f9240 elementor-hidden-desktop elementor-hidden-tablet e-flex e-con-boxed e-con e-parent\" data-id=\"14f9240\" data-element_type=\"container\">\n\t\t\t\t\t<div class=\"e-con-inner\">\n\t\t<div class=\"elementor-element elementor-element-2fc3381 e-con-full e-flex e-con e-child\" data-id=\"2fc3381\" data-element_type=\"container\">\n\t\t\t\t<div class=\"elementor-element elementor-element-8469145 elementor-widget elementor-widget-text-editor\" data-id=\"8469145\" data-element_type=\"widget\" data-widget_type=\"text-editor.default\">\n\t\t\t\t<div class=\"elementor-widget-container\">\n\t\t\t\t\t\t\t<p class=\"p1\">Si practiques l\u2019esqu\u00ed de muntanya a les estacions, \u00e9s imprescindible que consultis pr\u00e8viament els itineraris autoritzats, les pistes permeses de cada estaci\u00f3 i els horaris establerts, tant durant l\u2019horari d\u2019obertura al p\u00fablic com fora d\u2019aquest.<\/p><p class=\"p1\">La pr\u00e0ctica de l\u2019esqu\u00ed de muntanya s\u2019ha de fer sempre respectant les normes de seguretat, la senyalitzaci\u00f3, les recomanacions i les instruccions del personal acreditat de l\u2019estaci\u00f3, amb l\u2019objectiu de garantir una activitat segura i compatible amb la resta d\u2019usuaris.<\/p><p class=\"p1\">M\u00e9s informaci\u00f3:<\/p><p><a href=\"https:\/\/skiandorra.ad\/ca\/esqui-de-muntanya-a-les-estacions-de-muntanya\/\" target=\"_blank\" rel=\"noopener\"><span style=\"color: #76aee1;\">Esqui de muntanya a les estacions de muntanya<\/span><\/a><\/p>\t\t\t\t\t\t<\/div>\n\t\t\t\t<\/div>\n\t\t\t\t<\/div>\n\t\t<div class=\"elementor-element elementor-element-775fb5b e-flex e-con-boxed e-con e-child\" data-id=\"775fb5b\" data-element_type=\"container\" data-settings=\"{&quot;background_background&quot;:&quot;slideshow&quot;,&quot;background_slideshow_gallery&quot;:[{&quot;id&quot;:6584,&quot;url&quot;:&quot;https:\\\/\\\/skiandorra.ad\\\/wp-content\\\/uploads\\\/2026\\\/01\\\/MUNTANYA-1.png&quot;}],&quot;background_slideshow_loop&quot;:&quot;yes&quot;,&quot;background_slideshow_slide_duration&quot;:5000,&quot;background_slideshow_slide_transition&quot;:&quot;fade&quot;,&quot;background_slideshow_transition_duration&quot;:500}\">\n\t\t\t\t\t<div class=\"e-con-inner\">\n\t\t\t\t\t<\/div>\n\t\t\t\t<\/div>\n\t\t\t\t\t<\/div>\n\t\t\t\t<\/div>\n\t\t<div class=\"elementor-element elementor-element-1d66030 e-flex e-con-boxed e-con e-parent\" data-id=\"1d66030\" data-element_type=\"container\">\n\t\t\t\t\t<div class=\"e-con-inner\">\n\t\t<div class=\"elementor-element elementor-element-28d435e e-con-full e-flex e-con e-child\" data-id=\"28d435e\" data-element_type=\"container\">\n\t\t\t\t<div class=\"elementor-element elementor-element-34dd331 elementor-widget__width-initial elementor-widget elementor-widget-heading\" data-id=\"34dd331\" data-element_type=\"widget\" data-widget_type=\"heading.default\">\n\t\t\t\t<div class=\"elementor-widget-container\">\n\t\t\t<h2 class=\"elementor-heading-title elementor-size-default\">SIMULACRE NACIONAL D\u2019ALLAUS<\/h2>\t\t<\/div>\n\t\t\t\t<\/div>\n\t\t\t\t<\/div>\n\t\t<div class=\"elementor-element elementor-element-13d9c8f e-con-full e-flex e-con e-child\" data-id=\"13d9c8f\" data-element_type=\"container\">\n\t\t\t\t<div class=\"elementor-element elementor-element-b888505 elementor-widget elementor-widget-heading\" data-id=\"b888505\" data-element_type=\"widget\" data-widget_type=\"heading.default\">\n\t\t\t\t<div class=\"elementor-widget-container\">\n\t\t\t<h2 class=\"elementor-heading-title elementor-size-default\">09\/01\/2026\n<\/h2>\t\t<\/div>\n\t\t\t\t<\/div>\n\t\t\t\t<\/div>\n\t\t\t\t\t<\/div>\n\t\t\t\t<\/div>\n\t\t<div class=\"elementor-element elementor-element-39e8f82 elementor-hidden-mobile e-flex e-con-boxed e-con e-parent\" data-id=\"39e8f82\" data-element_type=\"container\">\n\t\t\t\t\t<div class=\"e-con-inner\">\n\t\t<div class=\"elementor-element elementor-element-1b9a68c e-con-full e-flex e-con e-child\" data-id=\"1b9a68c\" data-element_type=\"container\">\n\t\t\t\t<div class=\"elementor-element elementor-element-e4a86d8 elementor-widget elementor-widget-text-editor\" data-id=\"e4a86d8\" data-element_type=\"widget\" data-widget_type=\"text-editor.default\">\n\t\t\t\t<div class=\"elementor-widget-container\">\n\t\t\t\t\t\t\t<p class=\"p1\">El sector del Cubil de l\u2019estaci\u00f3 de Pal ha acollit, el 8 de gener, el Simulacre Nacional d\u2019Allaus, amb la pres\u00e8ncia d\u2019una vuitantena de professionals. L\u2019esdeveniment ha comptat amb la participaci\u00f3 de Protecci\u00f3 Civil, Bombers, pisters de les estacions, Policia, Banders, SUM, entre altres.<\/p><p class=\"p1\">Ha estat una jornada t\u00e8cnica centrada en la revisi\u00f3 i actualitzaci\u00f3 dels procediments, les eines i les t\u00e8cniques de rescat que s\u2019han d\u2019aplicar en cas d\u2019allau dins d\u2019un domini esquiable. L&#8217;objectiu ha estat avaluar la coordinaci\u00f3 i la resposta dels diferents actors implicats en una emerg\u00e8ncia per millorar l&#8217;efic\u00e0cia en la gesti\u00f3 i resoluci\u00f3 d\u2019incidents relacionats amb les allaus.<\/p>\t\t\t\t\t\t<\/div>\n\t\t\t\t<\/div>\n\t\t\t\t<\/div>\n\t\t<div class=\"elementor-element elementor-element-cc14da6 e-flex e-con-boxed e-con e-child\" data-id=\"cc14da6\" data-element_type=\"container\" data-settings=\"{&quot;background_background&quot;:&quot;video&quot;,&quot;background_video_link&quot;:&quot;https:\\\/\\\/skiandorra.ad\\\/wp-content\\\/uploads\\\/2026\\\/01\\\/REEL-SIMULACRE-ALLAU-INTERNACIONAL-1.mov&quot;}\">\n\t\t\t\t\t<div class=\"e-con-inner\">\n\t\t<div class=\"elementor-background-video-container elementor-hidden-phone\">\n\t\t\t\t\t\t\t<video class=\"elementor-background-video-hosted elementor-html5-video\" autoplay muted playsinline loop><\/video>\n\t\t\t\t\t<\/div>\t\t\t<\/div>\n\t\t\t\t<\/div>\n\t\t\t\t\t<\/div>\n\t\t\t\t<\/div>\n\t\t<div class=\"elementor-element elementor-element-0775514 elementor-hidden-desktop e-flex e-con-boxed e-con e-parent\" data-id=\"0775514\" data-element_type=\"container\">\n\t\t\t\t\t<div class=\"e-con-inner\">\n\t\t<div class=\"elementor-element elementor-element-d8555f7 e-con-full e-flex e-con e-child\" data-id=\"d8555f7\" data-element_type=\"container\">\n\t\t\t\t<div class=\"elementor-element elementor-element-ced202c elementor-widget elementor-widget-text-editor\" data-id=\"ced202c\" data-element_type=\"widget\" data-widget_type=\"text-editor.default\">\n\t\t\t\t<div class=\"elementor-widget-container\">\n\t\t\t\t\t\t\t<p class=\"p1\">El sector del Cubil de l\u2019estaci\u00f3 de Pal ha acollit, el 8 de gener, el Simulacre Nacional d\u2019Allaus, amb la pres\u00e8ncia d\u2019una vuitantena de professionals. L\u2019esdeveniment ha comptat amb la participaci\u00f3 de Protecci\u00f3 Civil, Bombers, pisters de les estacions, Policia, Banders, SUM, entre altres.<\/p><p class=\"p1\">Ha estat una jornada t\u00e8cnica centrada en la revisi\u00f3 i actualitzaci\u00f3 dels procediments, les eines i les t\u00e8cniques de rescat que s\u2019han d\u2019aplicar en cas d\u2019allau dins d\u2019un domini esquiable. L&#8217;objectiu ha estat avaluar la coordinaci\u00f3 i la resposta dels diferents actors implicats en una emerg\u00e8ncia per millorar l&#8217;efic\u00e0cia en la gesti\u00f3 i resoluci\u00f3 d\u2019incidents relacionats amb les allaus.<\/p>\t\t\t\t\t\t<\/div>\n\t\t\t\t<\/div>\n\t\t\t\t<\/div>\n\t\t<div class=\"elementor-element elementor-element-254601b e-flex e-con-boxed e-con e-child\" data-id=\"254601b\" data-element_type=\"container\" data-settings=\"{&quot;background_background&quot;:&quot;video&quot;,&quot;background_video_link&quot;:&quot;https:\\\/\\\/skiandorra.ad\\\/wp-content\\\/uploads\\\/2026\\\/01\\\/REEL-SIMULACRE-ALLAU-INTERNACIONAL-1.mov&quot;,&quot;background_play_on_mobile&quot;:&quot;yes&quot;}\">\n\t\t\t\t\t<div class=\"e-con-inner\">\n\t\t<div class=\"elementor-background-video-container\">\n\t\t\t\t\t\t\t<video class=\"elementor-background-video-hosted elementor-html5-video\" autoplay muted playsinline loop><\/video>\n\t\t\t\t\t<\/div>\t\t\t<\/div>\n\t\t\t\t<\/div>\n\t\t\t\t\t<\/div>\n\t\t\t\t<\/div>\n\t\t<div class=\"elementor-element elementor-element-4935182 e-flex e-con-boxed e-con e-parent\" data-id=\"4935182\" data-element_type=\"container\">\n\t\t\t\t\t<div class=\"e-con-inner\">\n\t\t<div class=\"elementor-element elementor-element-63379f6 e-con-full e-flex e-con e-child\" data-id=\"63379f6\" data-element_type=\"container\">\n\t\t\t\t<div class=\"elementor-element elementor-element-93d23d1 elementor-widget__width-initial elementor-widget elementor-widget-heading\" data-id=\"93d23d1\" data-element_type=\"widget\" data-widget_type=\"heading.default\">\n\t\t\t\t<div class=\"elementor-widget-container\">\n\t\t\t<h2 class=\"elementor-heading-title elementor-size-default\">Temporada 2025 \/2026<\/h2>\t\t<\/div>\n\t\t\t\t<\/div>\n\t\t\t\t<\/div>\n\t\t<div class=\"elementor-element elementor-element-b0a7490 e-con-full e-flex e-con e-child\" data-id=\"b0a7490\" data-element_type=\"container\">\n\t\t\t\t<div class=\"elementor-element elementor-element-1c8375f elementor-widget elementor-widget-heading\" data-id=\"1c8375f\" data-element_type=\"widget\" data-widget_type=\"heading.default\">\n\t\t\t\t<div class=\"elementor-widget-container\">\n\t\t\t<h2 class=\"elementor-heading-title elementor-size-default\">05\/12\/25\n<\/h2>\t\t<\/div>\n\t\t\t\t<\/div>\n\t\t\t\t<\/div>\n\t\t\t\t\t<\/div>\n\t\t\t\t<\/div>\n\t\t<div class=\"elementor-element elementor-element-8d024f5 elementor-hidden-mobile e-flex e-con-boxed e-con e-parent\" data-id=\"8d024f5\" data-element_type=\"container\">\n\t\t\t\t\t<div class=\"e-con-inner\">\n\t\t<div class=\"elementor-element elementor-element-d3733e0 e-con-full e-flex e-con e-child\" data-id=\"d3733e0\" data-element_type=\"container\">\n\t\t\t\t<div class=\"elementor-element elementor-element-8b29dfa elementor-widget elementor-widget-text-editor\" data-id=\"8b29dfa\" data-element_type=\"widget\" data-widget_type=\"text-editor.default\">\n\t\t\t\t<div class=\"elementor-widget-container\">\n\t\t\t\t\t\t\t<p class=\"p1\">Les estacions d\u2019esqu\u00ed d\u2019Andorra han iniciat oficialment la temporada d\u2019hivern, que s\u2019allargar\u00e0 fins el dia 6 d\u2019abril 2026.<\/p><p class=\"p2\">Aix\u00f2 ha estat possible gr\u00e0cies a les nevades rebudes durant el mes de novembre, per\u00f2 especialment a la feina duta a terme pels equips t\u00e8cnics i la xarxa d\u2019innivaci\u00f3 dels dominis.<\/p>\t\t\t\t\t\t<\/div>\n\t\t\t\t<\/div>\n\t\t\t\t<\/div>\n\t\t<div class=\"elementor-element elementor-element-46f4803 e-flex e-con-boxed e-con e-child\" data-id=\"46f4803\" data-element_type=\"container\" data-settings=\"{&quot;background_background&quot;:&quot;slideshow&quot;,&quot;background_slideshow_gallery&quot;:[{&quot;id&quot;:6139,&quot;url&quot;:&quot;https:\\\/\\\/skiandorra.ad\\\/wp-content\\\/uploads\\\/2025\\\/12\\\/PAL-ARINSAL-25-26-1-scaled.jpg&quot;}],&quot;background_slideshow_loop&quot;:&quot;yes&quot;,&quot;background_slideshow_slide_duration&quot;:5000,&quot;background_slideshow_slide_transition&quot;:&quot;fade&quot;,&quot;background_slideshow_transition_duration&quot;:500}\">\n\t\t\t\t\t<div class=\"e-con-inner\">\n\t\t\t\t\t<\/div>\n\t\t\t\t<\/div>\n\t\t\t\t\t<\/div>\n\t\t\t\t<\/div>\n\t\t<div class=\"elementor-element elementor-element-b7c110b elementor-hidden-desktop e-flex e-con-boxed e-con e-parent\" data-id=\"b7c110b\" data-element_type=\"container\">\n\t\t\t\t\t<div class=\"e-con-inner\">\n\t\t<div class=\"elementor-element elementor-element-8cccf5b e-con-full e-flex e-con e-child\" data-id=\"8cccf5b\" data-element_type=\"container\">\n\t\t\t\t<div class=\"elementor-element elementor-element-da543dc elementor-widget elementor-widget-text-editor\" data-id=\"da543dc\" data-element_type=\"widget\" data-widget_type=\"text-editor.default\">\n\t\t\t\t<div class=\"elementor-widget-container\">\n\t\t\t\t\t\t\t<p class=\"p1\">Les estacions d\u2019esqu\u00ed d\u2019Andorra han iniciat oficialment la temporada d\u2019hivern, que s\u2019allargar\u00e0 fins el dia 6 d\u2019abril 2026.<\/p><p class=\"p2\">Aix\u00f2 ha estat possible gr\u00e0cies a les nevades rebudes durant el mes de novembre, per\u00f2 especialment a la feina duta a terme pels equips t\u00e8cnics i la xarxa d\u2019innivaci\u00f3 dels dominis.<\/p>\t\t\t\t\t\t<\/div>\n\t\t\t\t<\/div>\n\t\t\t\t<\/div>\n\t\t<div class=\"elementor-element elementor-element-5801001 e-flex e-con-boxed e-con e-child\" data-id=\"5801001\" data-element_type=\"container\" data-settings=\"{&quot;background_background&quot;:&quot;slideshow&quot;,&quot;background_slideshow_gallery&quot;:[{&quot;id&quot;:6139,&quot;url&quot;:&quot;https:\\\/\\\/skiandorra.ad\\\/wp-content\\\/uploads\\\/2025\\\/12\\\/PAL-ARINSAL-25-26-1-scaled.jpg&quot;}],&quot;background_slideshow_loop&quot;:&quot;yes&quot;,&quot;background_slideshow_slide_duration&quot;:5000,&quot;background_slideshow_slide_transition&quot;:&quot;fade&quot;,&quot;background_slideshow_transition_duration&quot;:500}\">\n\t\t\t\t\t<div class=\"e-con-inner\">\n\t\t\t\t\t<\/div>\n\t\t\t\t<\/div>\n\t\t\t\t\t<\/div>\n\t\t\t\t<\/div>\n\t\t<div class=\"elementor-element elementor-element-564bf39 e-flex e-con-boxed e-con e-parent\" data-id=\"564bf39\" data-element_type=\"container\">\n\t\t\t\t\t<div class=\"e-con-inner\">\n\t\t<div class=\"elementor-element elementor-element-1ce1b24 e-con-full e-flex e-con e-child\" data-id=\"1ce1b24\" data-element_type=\"container\">\n\t\t\t\t<div class=\"elementor-element elementor-element-7102427 elementor-widget__width-initial elementor-widget elementor-widget-heading\" data-id=\"7102427\" data-element_type=\"widget\" data-widget_type=\"heading.default\">\n\t\t\t\t<div class=\"elementor-widget-container\">\n\t\t\t<h2 class=\"elementor-heading-title elementor-size-default\">Ordino Arcal\u00eds inaugura la temporada d\u2019esqu\u00ed <\/h2>\t\t<\/div>\n\t\t\t\t<\/div>\n\t\t\t\t<\/div>\n\t\t<div class=\"elementor-element elementor-element-be640da e-con-full e-flex e-con e-child\" data-id=\"be640da\" data-element_type=\"container\">\n\t\t\t\t<div class=\"elementor-element elementor-element-6dc2d74 elementor-widget elementor-widget-heading\" data-id=\"6dc2d74\" data-element_type=\"widget\" data-widget_type=\"heading.default\">\n\t\t\t\t<div class=\"elementor-widget-container\">\n\t\t\t<h2 class=\"elementor-heading-title elementor-size-default\">28\/11\/25\n<\/h2>\t\t<\/div>\n\t\t\t\t<\/div>\n\t\t\t\t<\/div>\n\t\t\t\t\t<\/div>\n\t\t\t\t<\/div>\n\t\t<div class=\"elementor-element elementor-element-4247989 elementor-hidden-mobile e-flex e-con-boxed e-con e-parent\" data-id=\"4247989\" data-element_type=\"container\">\n\t\t\t\t\t<div class=\"e-con-inner\">\n\t\t<div class=\"elementor-element elementor-element-2251cfc e-con-full e-flex e-con e-child\" data-id=\"2251cfc\" data-element_type=\"container\">\n\t\t\t\t<div class=\"elementor-element elementor-element-18ade1b elementor-widget elementor-widget-text-editor\" data-id=\"18ade1b\" data-element_type=\"widget\" data-widget_type=\"text-editor.default\">\n\t\t\t\t<div class=\"elementor-widget-container\">\n\t\t\t\t\t\t\t<p class=\"p1\">L\u2019estaci\u00f3 obre parcialment des d\u2019avui l\u2019\u00e0rea de la Coma i anir\u00e0 ampliant el domini esquiable disponible en els pr\u00f2xims dies.<\/p><p class=\"p2\">Les darreres nevades i la feina dels equips t\u00e8cnics han perm\u00e8s avan\u00e7ar l\u2019obertura d\u2019una semana.<\/p><p class=\"p2\">La resta d\u2019estacions obrir\u00e0 en la data prevista per a <b>l\u2019inici oficial de la temporada, marcada per al 5 de desembre.<\/b><\/p>\t\t\t\t\t\t<\/div>\n\t\t\t\t<\/div>\n\t\t\t\t<\/div>\n\t\t<div class=\"elementor-element elementor-element-d994877 e-flex e-con-boxed e-con e-child\" data-id=\"d994877\" data-element_type=\"container\" data-settings=\"{&quot;background_background&quot;:&quot;slideshow&quot;,&quot;background_slideshow_gallery&quot;:[{&quot;id&quot;:6103,&quot;url&quot;:&quot;https:\\\/\\\/skiandorra.ad\\\/wp-content\\\/uploads\\\/2025\\\/11\\\/ORDINO-ARCALIS-27.11.25-6-scaled.jpg&quot;}],&quot;background_slideshow_loop&quot;:&quot;yes&quot;,&quot;background_slideshow_slide_duration&quot;:5000,&quot;background_slideshow_slide_transition&quot;:&quot;fade&quot;,&quot;background_slideshow_transition_duration&quot;:500}\">\n\t\t\t\t\t<div class=\"e-con-inner\">\n\t\t\t\t\t<\/div>\n\t\t\t\t<\/div>\n\t\t\t\t\t<\/div>\n\t\t\t\t<\/div>\n\t\t<div class=\"elementor-element elementor-element-64117cc elementor-hidden-desktop e-flex e-con-boxed e-con e-parent\" data-id=\"64117cc\" data-element_type=\"container\">\n\t\t\t\t\t<div class=\"e-con-inner\">\n\t\t<div class=\"elementor-element elementor-element-45735ba e-con-full e-flex e-con e-child\" data-id=\"45735ba\" data-element_type=\"container\">\n\t\t\t\t<div class=\"elementor-element elementor-element-77134aa elementor-widget elementor-widget-text-editor\" data-id=\"77134aa\" data-element_type=\"widget\" data-widget_type=\"text-editor.default\">\n\t\t\t\t<div class=\"elementor-widget-container\">\n\t\t\t\t\t\t\t<p class=\"p1\">L\u2019estaci\u00f3 obre parcialment des d\u2019avui l\u2019\u00e0rea de la Coma i anir\u00e0 ampliant el domini esquiable disponible en els pr\u00f2xims dies<\/p><p class=\"p2\">Les darreres nevades i la feina dels equips t\u00e8cnics han perm\u00e8s avan\u00e7ar l\u2019obertura d\u2019una semana.<\/p><p class=\"p2\">La resta d\u2019estacions obrir\u00e0 en la data prevista per a <b>l\u2019inici oficial de la temporada, marcada per al 5 de desembre.<\/b><\/p>\t\t\t\t\t\t<\/div>\n\t\t\t\t<\/div>\n\t\t\t\t<\/div>\n\t\t<div class=\"elementor-element elementor-element-a7cb292 e-flex e-con-boxed e-con e-child\" data-id=\"a7cb292\" data-element_type=\"container\" data-settings=\"{&quot;background_background&quot;:&quot;slideshow&quot;,&quot;background_slideshow_gallery&quot;:[{&quot;id&quot;:6103,&quot;url&quot;:&quot;https:\\\/\\\/skiandorra.ad\\\/wp-content\\\/uploads\\\/2025\\\/11\\\/ORDINO-ARCALIS-27.11.25-6-scaled.jpg&quot;}],&quot;background_slideshow_loop&quot;:&quot;yes&quot;,&quot;background_slideshow_slide_duration&quot;:5000,&quot;background_slideshow_slide_transition&quot;:&quot;fade&quot;,&quot;background_slideshow_transition_duration&quot;:500}\">\n\t\t\t\t\t<div class=\"e-con-inner\">\n\t\t\t\t\t<\/div>\n\t\t\t\t<\/div>\n\t\t\t\t\t<\/div>\n\t\t\t\t<\/div>\n\t\t\t\t<\/div>\n\t\t","protected":false},"excerpt":{"rendered":"<p>Les estacions d\u2019esqu\u00ed d\u2019Andorra tanquen una molt bona temporada d\u2019hivern 2025\/26 14\/04\/2026 Amb un balan\u00e7 positiu, les estacions d\u2019esqu\u00ed d\u2019Andorra han donat per finalitzada la temporada el diumenge 12 d\u2019abril, amb 2.382.805 dies d\u2019esqu\u00ed venuts, un creixement del 2,7% respecte l\u2019hivern passat i un augment del 4,25% en la xifra de negoci.. Ha estat un [&hellip;]<\/p>\n","protected":false},"author":6,"featured_media":0,"parent":0,"menu_order":0,"comment_status":"closed","ping_status":"closed","template":"","meta":{"inline_featured_image":false,"footnotes":""},"class_list":["post-5613","page","type-page","status-publish","hentry"],"_links":{"self":[{"href":"https:\/\/skiandorra.ad\/ca\/wp-json\/wp\/v2\/pages\/5613","targetHints":{"allow":["GET"]}}],"collection":[{"href":"https:\/\/skiandorra.ad\/ca\/wp-json\/wp\/v2\/pages"}],"about":[{"href":"https:\/\/skiandorra.ad\/ca\/wp-json\/wp\/v2\/types\/page"}],"author":[{"embeddable":true,"href":"https:\/\/skiandorra.ad\/ca\/wp-json\/wp\/v2\/users\/6"}],"replies":[{"embeddable":true,"href":"https:\/\/skiandorra.ad\/ca\/wp-json\/wp\/v2\/comments?post=5613"}],"version-history":[{"count":151,"href":"https:\/\/skiandorra.ad\/ca\/wp-json\/wp\/v2\/pages\/5613\/revisions"}],"predecessor-version":[{"id":6713,"href":"https:\/\/skiandorra.ad\/ca\/wp-json\/wp\/v2\/pages\/5613\/revisions\/6713"}],"wp:attachment":[{"href":"https:\/\/skiandorra.ad\/ca\/wp-json\/wp\/v2\/media?parent=5613"}],"curies":[{"name":"wp","href":"https:\/\/api.w.org\/{rel}","templated":true}]}}