{"id":5613,"date":"2025-03-06T09:59:46","date_gmt":"2025-03-06T08:59:46","guid":{"rendered":"https:\/\/skiandorra.ad\/?page_id=5613"},"modified":"2026-04-16T10:37:18","modified_gmt":"2026-04-16T08:37:18","slug":"noticies","status":"publish","type":"page","link":"https:\/\/skiandorra.ad\/en\/noticies\/","title":{"rendered":"News"},"content":{"rendered":"<div data-elementor-type=\"wp-page\" data-elementor-id=\"5613\" class=\"elementor elementor-5613\" data-elementor-post-type=\"page\">\n\t\t\t\t<div class=\"elementor-element elementor-element-bcc63ae e-flex e-con-boxed e-con e-parent\" data-id=\"bcc63ae\" data-element_type=\"container\">\n\t\t\t\t\t<div class=\"e-con-inner\">\n\t\t<div class=\"elementor-element elementor-element-36a803f e-con-full e-flex e-con e-child\" data-id=\"36a803f\" data-element_type=\"container\">\n\t\t\t\t<div class=\"elementor-element elementor-element-4212a99 elementor-widget__width-initial elementor-widget elementor-widget-heading\" data-id=\"4212a99\" data-element_type=\"widget\" data-widget_type=\"heading.default\">\n\t\t\t\t<div class=\"elementor-widget-container\">\n\t\t\t<style>\/*! elementor - v3.21.0 - 30-04-2024 *\/\n.elementor-heading-title{padding:0;margin:0;line-height:1}.elementor-widget-heading .elementor-heading-title[class*=elementor-size-]>a{color:inherit;font-size:inherit;line-height:inherit}.elementor-widget-heading .elementor-heading-title.elementor-size-small{font-size:15px}.elementor-widget-heading .elementor-heading-title.elementor-size-medium{font-size:19px}.elementor-widget-heading .elementor-heading-title.elementor-size-large{font-size:29px}.elementor-widget-heading .elementor-heading-title.elementor-size-xl{font-size:39px}.elementor-widget-heading .elementor-heading-title.elementor-size-xxl{font-size:59px}<\/style><h2 class=\"elementor-heading-title elementor-size-default\">Andorra's Ski Resorts Close Out a Very Successful 2025-26 Winter Season<\/h2>\t\t<\/div>\n\t\t\t\t<\/div>\n\t\t\t\t<\/div>\n\t\t<div class=\"elementor-element elementor-element-2990acb e-con-full e-flex e-con e-child\" data-id=\"2990acb\" data-element_type=\"container\">\n\t\t\t\t<div class=\"elementor-element elementor-element-7cd0342 elementor-widget elementor-widget-heading\" data-id=\"7cd0342\" data-element_type=\"widget\" data-widget_type=\"heading.default\">\n\t\t\t\t<div class=\"elementor-widget-container\">\n\t\t\t<h2 class=\"elementor-heading-title elementor-size-default\">14\/04\/2026<\/h2>\t\t<\/div>\n\t\t\t\t<\/div>\n\t\t\t\t<\/div>\n\t\t\t\t\t<\/div>\n\t\t\t\t<\/div>\n\t\t<div class=\"elementor-element elementor-element-233dec2 elementor-hidden-mobile e-flex e-con-boxed e-con e-parent\" data-id=\"233dec2\" data-element_type=\"container\">\n\t\t\t\t\t<div class=\"e-con-inner\">\n\t\t<div class=\"elementor-element elementor-element-5ccd363 e-con-full e-flex e-con e-child\" data-id=\"5ccd363\" data-element_type=\"container\">\n\t\t\t\t<div class=\"elementor-element elementor-element-a60ad0d elementor-widget elementor-widget-text-editor\" data-id=\"a60ad0d\" data-element_type=\"widget\" data-widget_type=\"text-editor.default\">\n\t\t\t\t<div class=\"elementor-widget-container\">\n\t\t\t<style>\/*! elementor - v3.21.0 - 30-04-2024 *\/\n.elementor-widget-text-editor.elementor-drop-cap-view-stacked .elementor-drop-cap{background-color:#69727d;color:#fff}.elementor-widget-text-editor.elementor-drop-cap-view-framed .elementor-drop-cap{color:#69727d;border:3px solid;background-color:transparent}.elementor-widget-text-editor:not(.elementor-drop-cap-view-default) .elementor-drop-cap{margin-top:8px}.elementor-widget-text-editor:not(.elementor-drop-cap-view-default) .elementor-drop-cap-letter{width:1em;height:1em}.elementor-widget-text-editor .elementor-drop-cap{float:left;text-align:center;line-height:1;font-size:50px}.elementor-widget-text-editor .elementor-drop-cap-letter{display:inline-block}<\/style>\t\t\t\t<p class=\"p1\">With a positive outcome, Andorra's ski resorts concluded the season on Sunday, April 12th, with 2,382,805 ski days sold, a 2.7% increase compared to last winter, and a 4.25% rise in revenue.<\/p><p>It was a winter marked by exceptional snow conditions and record high snow depths, allowing 100% of the slopes to be open for most days. Despite the positive results, the resorts were affected by adverse weather conditions during 10 out of the 18 weekends, as well as by the disruptions caused by the repeated road closures on the access road to Andorra from France. The most significant disruption was the landslide on the RN-20, which kept the road closed for 37 days, particularly affecting short-stay customers.<\/p><p>The ski resorts are preparing for the summer season with phased openings starting June 6th, beginning with access to the Tristaina Solar Viewpoint. The official start date for the season will be June 20th.<\/p>\t\t\t\t\t\t<\/div>\n\t\t\t\t<\/div>\n\t\t\t\t<\/div>\n\t\t<div class=\"elementor-element elementor-element-8d1b6e8 e-flex e-con-boxed e-con e-child\" data-id=\"8d1b6e8\" data-element_type=\"container\" data-settings=\"{&quot;background_background&quot;:&quot;slideshow&quot;,&quot;background_slideshow_gallery&quot;:[{&quot;id&quot;:6695,&quot;url&quot;:&quot;https:\\\/\\\/skiandorra.ad\\\/wp-content\\\/uploads\\\/2026\\\/04\\\/closing1.jpg&quot;},{&quot;id&quot;:6694,&quot;url&quot;:&quot;https:\\\/\\\/skiandorra.ad\\\/wp-content\\\/uploads\\\/2026\\\/04\\\/closing2.jpg&quot;},{&quot;id&quot;:6693,&quot;url&quot;:&quot;https:\\\/\\\/skiandorra.ad\\\/wp-content\\\/uploads\\\/2026\\\/04\\\/closing3.jpg&quot;}],&quot;background_slideshow_loop&quot;:&quot;yes&quot;,&quot;background_slideshow_slide_duration&quot;:5000,&quot;background_slideshow_slide_transition&quot;:&quot;fade&quot;,&quot;background_slideshow_transition_duration&quot;:500}\">\n\t\t\t\t\t<div class=\"e-con-inner\">\n\t\t\t\t\t<\/div>\n\t\t\t\t<\/div>\n\t\t\t\t\t<\/div>\n\t\t\t\t<\/div>\n\t\t<div class=\"elementor-element elementor-element-13c6be2 elementor-hidden-desktop elementor-hidden-tablet e-flex e-con-boxed e-con e-parent\" data-id=\"13c6be2\" data-element_type=\"container\">\n\t\t\t\t\t<div class=\"e-con-inner\">\n\t\t<div class=\"elementor-element elementor-element-4c0ac6f e-con-full e-flex e-con e-child\" data-id=\"4c0ac6f\" data-element_type=\"container\">\n\t\t\t\t<div class=\"elementor-element elementor-element-f4e5297 elementor-widget elementor-widget-text-editor\" data-id=\"f4e5297\" data-element_type=\"widget\" data-widget_type=\"text-editor.default\">\n\t\t\t\t<div class=\"elementor-widget-container\">\n\t\t\t\t\t\t\t<p>Amb un balan\u00e7 positiu, les estacions d\u2019esqu\u00ed d\u2019Andorra han donat per finalitzada la temporada el diumenge 12 d\u2019abril, amb 2.382.805 dies d\u2019esqu\u00ed venuts, un creixement del 2,7% respecte l\u2019hivern passat i un augment del 4,25% en la xifra de negoci.<\/p><p>Ha estat un hivern marcat per unes condicions de neu excepcionals i gruixos acumulats hist\u00f2rics, fet que ha perm\u00e8s oferir el 100% de les pistes obertes durant la<br \/>major part dels dies. Tot i els bons resultats, les estacions s\u2019han vist afectades per les complicacions meteorol\u00f2giques en un total de 10 caps de setmana dels 18 totals, aix\u00ed com per les afectacions causades pels constants talls a la carretera d\u2019acc\u00e9s a Andorra des de Fran\u00e7a, destacant l\u2019esllavissada a la RN-20, que va mantenir la via tallada 37 dies afectant especialment els clients d\u2019estades curtes.<\/p><p>The ski resorts are preparing for the summer season with phased openings starting June 6th, beginning with access to the Tristaina Solar Viewpoint. The official start date for the season will be June 20th.<\/p>\t\t\t\t\t\t<\/div>\n\t\t\t\t<\/div>\n\t\t\t\t<\/div>\n\t\t<div class=\"elementor-element elementor-element-1a716f6 e-flex e-con-boxed e-con e-child\" data-id=\"1a716f6\" data-element_type=\"container\" data-settings=\"{&quot;background_background&quot;:&quot;slideshow&quot;,&quot;background_slideshow_gallery&quot;:[{&quot;id&quot;:6693,&quot;url&quot;:&quot;https:\\\/\\\/skiandorra.ad\\\/wp-content\\\/uploads\\\/2026\\\/04\\\/closing3.jpg&quot;},{&quot;id&quot;:6694,&quot;url&quot;:&quot;https:\\\/\\\/skiandorra.ad\\\/wp-content\\\/uploads\\\/2026\\\/04\\\/closing2.jpg&quot;},{&quot;id&quot;:6695,&quot;url&quot;:&quot;https:\\\/\\\/skiandorra.ad\\\/wp-content\\\/uploads\\\/2026\\\/04\\\/closing1.jpg&quot;}],&quot;background_slideshow_loop&quot;:&quot;yes&quot;,&quot;background_slideshow_slide_duration&quot;:5000,&quot;background_slideshow_slide_transition&quot;:&quot;fade&quot;,&quot;background_slideshow_transition_duration&quot;:500}\">\n\t\t\t\t\t<div class=\"e-con-inner\">\n\t\t\t\t\t<\/div>\n\t\t\t\t<\/div>\n\t\t\t\t\t<\/div>\n\t\t\t\t<\/div>\n\t\t<div class=\"elementor-element elementor-element-9edfa30 e-flex e-con-boxed e-con e-parent\" data-id=\"9edfa30\" data-element_type=\"container\">\n\t\t\t\t\t<div class=\"e-con-inner\">\n\t\t<div class=\"elementor-element elementor-element-3b418a5 e-con-full e-flex e-con e-child\" data-id=\"3b418a5\" data-element_type=\"container\">\n\t\t\t\t<div class=\"elementor-element elementor-element-d505087 elementor-widget__width-initial elementor-widget elementor-widget-heading\" data-id=\"d505087\" data-element_type=\"widget\" data-widget_type=\"heading.default\">\n\t\t\t\t<div class=\"elementor-widget-container\">\n\t\t\t<h2 class=\"elementor-heading-title elementor-size-default\">Certification Exams for Chairlift Operators and Snow Grooming Drivers<\/h2>\t\t<\/div>\n\t\t\t\t<\/div>\n\t\t\t\t<\/div>\n\t\t<div class=\"elementor-element elementor-element-ab5f69c e-con-full e-flex e-con e-child\" data-id=\"ab5f69c\" data-element_type=\"container\">\n\t\t\t\t<div class=\"elementor-element elementor-element-749e62b elementor-widget elementor-widget-heading\" data-id=\"749e62b\" data-element_type=\"widget\" data-widget_type=\"heading.default\">\n\t\t\t\t<div class=\"elementor-widget-container\">\n\t\t\t<h2 class=\"elementor-heading-title elementor-size-default\">13\/04\/2026<\/h2>\t\t<\/div>\n\t\t\t\t<\/div>\n\t\t\t\t<\/div>\n\t\t\t\t\t<\/div>\n\t\t\t\t<\/div>\n\t\t<div class=\"elementor-element elementor-element-d53895d elementor-hidden-mobile e-flex e-con-boxed e-con e-parent\" data-id=\"d53895d\" data-element_type=\"container\">\n\t\t\t\t\t<div class=\"e-con-inner\">\n\t\t<div class=\"elementor-element elementor-element-1d452e0 e-con-full e-flex e-con e-child\" data-id=\"1d452e0\" data-element_type=\"container\">\n\t\t\t\t<div class=\"elementor-element elementor-element-45b135f elementor-widget elementor-widget-text-editor\" data-id=\"45b135f\" data-element_type=\"widget\" data-widget_type=\"text-editor.default\">\n\t\t\t\t<div class=\"elementor-widget-container\">\n\t\t\t\t\t\t\t<p class=\"p1\">We have finalized the organization of the practical certification exams for chairlift operators and snow grooming drivers.<br \/><br \/>This year, nearly 40 candidates have completed the practical part of the exams between March 9 and April 13, after having passed the theory part at the beginning of February. Candidates who successfully pass this practical stage will obtain the professional qualification certificate, certifying their skills and experience.<br \/><br \/>These exams are possible thanks to the collaboration between the corresponding examiners committee and their presidents.<\/p>\t\t\t\t\t\t<\/div>\n\t\t\t\t<\/div>\n\t\t\t\t<\/div>\n\t\t<div class=\"elementor-element elementor-element-327dc6d e-flex e-con-boxed e-con e-child\" data-id=\"327dc6d\" data-element_type=\"container\" data-settings=\"{&quot;background_background&quot;:&quot;slideshow&quot;,&quot;background_slideshow_gallery&quot;:[{&quot;id&quot;:6687,&quot;url&quot;:&quot;https:\\\/\\\/skiandorra.ad\\\/wp-content\\\/uploads\\\/2026\\\/04\\\/telecadira2.jpg&quot;},{&quot;id&quot;:6688,&quot;url&quot;:&quot;https:\\\/\\\/skiandorra.ad\\\/wp-content\\\/uploads\\\/2026\\\/04\\\/telecadira1.jpg&quot;}],&quot;background_slideshow_loop&quot;:&quot;yes&quot;,&quot;background_slideshow_slide_duration&quot;:5000,&quot;background_slideshow_slide_transition&quot;:&quot;fade&quot;,&quot;background_slideshow_transition_duration&quot;:500}\">\n\t\t\t\t\t<div class=\"e-con-inner\">\n\t\t\t\t\t<\/div>\n\t\t\t\t<\/div>\n\t\t\t\t\t<\/div>\n\t\t\t\t<\/div>\n\t\t<div class=\"elementor-element elementor-element-f029356 elementor-hidden-desktop elementor-hidden-tablet e-flex e-con-boxed e-con e-parent\" data-id=\"f029356\" data-element_type=\"container\">\n\t\t\t\t\t<div class=\"e-con-inner\">\n\t\t<div class=\"elementor-element elementor-element-af18bad e-con-full e-flex e-con e-child\" data-id=\"af18bad\" data-element_type=\"container\">\n\t\t\t\t<div class=\"elementor-element elementor-element-06373ad elementor-widget elementor-widget-text-editor\" data-id=\"06373ad\" data-element_type=\"widget\" data-widget_type=\"text-editor.default\">\n\t\t\t\t<div class=\"elementor-widget-container\">\n\t\t\t\t\t\t\t<p>We have finalized the organization of the practical certification exams for chairlift operators and snow grooming drivers.<\/p><p>This year, nearly 40 candidates have completed the practical part of the exams between March 9 and April 13, after having passed the theory part at the beginning of February. Candidates who successfully pass this practical stage will obtain the professional qualification certificate, certifying their skills and experience.<\/p><p>These exams are possible thanks to the collaboration between the corresponding examiners committee and their presidents.<\/p>\t\t\t\t\t\t<\/div>\n\t\t\t\t<\/div>\n\t\t\t\t<\/div>\n\t\t<div class=\"elementor-element elementor-element-8d206fa e-flex e-con-boxed e-con e-child\" data-id=\"8d206fa\" data-element_type=\"container\" data-settings=\"{&quot;background_background&quot;:&quot;slideshow&quot;,&quot;background_slideshow_gallery&quot;:[{&quot;id&quot;:6688,&quot;url&quot;:&quot;https:\\\/\\\/skiandorra.ad\\\/wp-content\\\/uploads\\\/2026\\\/04\\\/telecadira1.jpg&quot;},{&quot;id&quot;:6687,&quot;url&quot;:&quot;https:\\\/\\\/skiandorra.ad\\\/wp-content\\\/uploads\\\/2026\\\/04\\\/telecadira2.jpg&quot;}],&quot;background_slideshow_loop&quot;:&quot;yes&quot;,&quot;background_slideshow_slide_duration&quot;:5000,&quot;background_slideshow_slide_transition&quot;:&quot;fade&quot;,&quot;background_slideshow_transition_duration&quot;:500}\">\n\t\t\t\t\t<div class=\"e-con-inner\">\n\t\t\t\t\t<\/div>\n\t\t\t\t<\/div>\n\t\t\t\t\t<\/div>\n\t\t\t\t<\/div>\n\t\t<div class=\"elementor-element elementor-element-4af569f e-flex e-con-boxed e-con e-parent\" data-id=\"4af569f\" data-element_type=\"container\">\n\t\t\t\t\t<div class=\"e-con-inner\">\n\t\t<div class=\"elementor-element elementor-element-96a50f4 e-con-full e-flex e-con e-child\" data-id=\"96a50f4\" data-element_type=\"container\">\n\t\t\t\t<div class=\"elementor-element elementor-element-51e4120 elementor-widget__width-initial elementor-widget elementor-widget-heading\" data-id=\"51e4120\" data-element_type=\"widget\" data-widget_type=\"heading.default\">\n\t\t\t\t<div class=\"elementor-widget-container\">\n\t\t\t<h2 class=\"elementor-heading-title elementor-size-default\">Ski Patrol Rescuers Level 1 Exams<\/h2>\t\t<\/div>\n\t\t\t\t<\/div>\n\t\t\t\t<\/div>\n\t\t<div class=\"elementor-element elementor-element-a4904c0 e-con-full e-flex e-con e-child\" data-id=\"a4904c0\" data-element_type=\"container\">\n\t\t\t\t<div class=\"elementor-element elementor-element-cab46e4 elementor-widget elementor-widget-heading\" data-id=\"cab46e4\" data-element_type=\"widget\" data-widget_type=\"heading.default\">\n\t\t\t\t<div class=\"elementor-widget-container\">\n\t\t\t<h2 class=\"elementor-heading-title elementor-size-default\">31\/03\/2026\n<\/h2>\t\t<\/div>\n\t\t\t\t<\/div>\n\t\t\t\t<\/div>\n\t\t\t\t\t<\/div>\n\t\t\t\t<\/div>\n\t\t<div class=\"elementor-element elementor-element-7b12487 elementor-hidden-mobile e-flex e-con-boxed e-con e-parent\" data-id=\"7b12487\" data-element_type=\"container\">\n\t\t\t\t\t<div class=\"e-con-inner\">\n\t\t<div class=\"elementor-element elementor-element-cbb7103 e-con-full e-flex e-con e-child\" data-id=\"cbb7103\" data-element_type=\"container\">\n\t\t\t\t<div class=\"elementor-element elementor-element-ec8cb33 elementor-widget elementor-widget-text-editor\" data-id=\"ec8cb33\" data-element_type=\"widget\" data-widget_type=\"text-editor.default\">\n\t\t\t\t<div class=\"elementor-widget-container\">\n\t\t\t\t\t\t\t<p class=\"p1\">After completing five weeks of training, a total of ten candidates took the exam in the Ordino\u2013Arcal\u00eds ski resort.<\/p><p class=\"p1\">The exams consist of various workshops on the content covered during the training: knowledge of the mountain environment, mountain first aid, rescue techniques, accident prevention, avalanches, and snow science.<\/p><p class=\"p1\">All candidates successfully completed the tests, obtaining the Level 1 Ski Patrol Certification.<\/p>\t\t\t\t\t\t<\/div>\n\t\t\t\t<\/div>\n\t\t\t\t<\/div>\n\t\t<div class=\"elementor-element elementor-element-3bcb91b e-flex e-con-boxed e-con e-child\" data-id=\"3bcb91b\" data-element_type=\"container\" data-settings=\"{&quot;background_background&quot;:&quot;slideshow&quot;,&quot;background_slideshow_gallery&quot;:[{&quot;id&quot;:6649,&quot;url&quot;:&quot;https:\\\/\\\/skiandorra.ad\\\/wp-content\\\/uploads\\\/2026\\\/04\\\/20260330_114125-scaled.jpg&quot;},{&quot;id&quot;:6652,&quot;url&quot;:&quot;https:\\\/\\\/skiandorra.ad\\\/wp-content\\\/uploads\\\/2026\\\/04\\\/IMG-20260401-WA0001.jpg&quot;},{&quot;id&quot;:6650,&quot;url&quot;:&quot;https:\\\/\\\/skiandorra.ad\\\/wp-content\\\/uploads\\\/2026\\\/04\\\/IMG-20260401-WA0000.jpg&quot;},{&quot;id&quot;:6666,&quot;url&quot;:&quot;https:\\\/\\\/skiandorra.ad\\\/wp-content\\\/uploads\\\/2026\\\/04\\\/2026_Pisters_amb_Formadors.jpg&quot;}],&quot;background_slideshow_loop&quot;:&quot;yes&quot;,&quot;background_slideshow_slide_duration&quot;:5000,&quot;background_slideshow_slide_transition&quot;:&quot;fade&quot;,&quot;background_slideshow_transition_duration&quot;:500}\">\n\t\t\t\t\t<div class=\"e-con-inner\">\n\t\t\t\t\t<\/div>\n\t\t\t\t<\/div>\n\t\t\t\t\t<\/div>\n\t\t\t\t<\/div>\n\t\t<div class=\"elementor-element elementor-element-dd4219f elementor-hidden-desktop elementor-hidden-tablet e-flex e-con-boxed e-con e-parent\" data-id=\"dd4219f\" data-element_type=\"container\">\n\t\t\t\t\t<div class=\"e-con-inner\">\n\t\t<div class=\"elementor-element elementor-element-a285538 e-con-full e-flex e-con e-child\" data-id=\"a285538\" data-element_type=\"container\">\n\t\t\t\t<div class=\"elementor-element elementor-element-24535cb elementor-widget elementor-widget-text-editor\" data-id=\"24535cb\" data-element_type=\"widget\" data-widget_type=\"text-editor.default\">\n\t\t\t\t<div class=\"elementor-widget-container\">\n\t\t\t\t\t\t\t<p class=\"p1\">Despr\u00e9s de 5 setmanes de formaci\u00f3, un total de deu candidats s\u2019han presentat a l\u2019examen<span class=\"Apple-converted-space\">\u00a0 <\/span>que ha tingut lloc a l\u2019estaci\u00f3 d\u2019Ordino Arcalis.<\/p><p class=\"p1\">Els ex\u00e0mens consten de diferents tallers sobre el contingut que s\u2019ha fet durant la formaci\u00f3: coneixements generals en el medi de la muntanya, primers auxilis adaptats a la muntanya, t\u00e8cniques de rescat, prevenci\u00f3 d\u2019accidents,<span class=\"Apple-converted-space\">\u00a0 <\/span>allaus i nivologia.<\/p><p class=\"p1\">All candidates successfully completed the tests, obtaining the Level 1 Ski Patrol Certification.<\/p>\t\t\t\t\t\t<\/div>\n\t\t\t\t<\/div>\n\t\t\t\t<\/div>\n\t\t<div class=\"elementor-element elementor-element-ed7a52d e-flex e-con-boxed e-con e-child\" data-id=\"ed7a52d\" data-element_type=\"container\" data-settings=\"{&quot;background_background&quot;:&quot;slideshow&quot;,&quot;background_slideshow_gallery&quot;:[{&quot;id&quot;:6649,&quot;url&quot;:&quot;https:\\\/\\\/skiandorra.ad\\\/wp-content\\\/uploads\\\/2026\\\/04\\\/20260330_114125-scaled.jpg&quot;},{&quot;id&quot;:6652,&quot;url&quot;:&quot;https:\\\/\\\/skiandorra.ad\\\/wp-content\\\/uploads\\\/2026\\\/04\\\/IMG-20260401-WA0001.jpg&quot;},{&quot;id&quot;:6650,&quot;url&quot;:&quot;https:\\\/\\\/skiandorra.ad\\\/wp-content\\\/uploads\\\/2026\\\/04\\\/IMG-20260401-WA0000.jpg&quot;},{&quot;id&quot;:6666,&quot;url&quot;:&quot;https:\\\/\\\/skiandorra.ad\\\/wp-content\\\/uploads\\\/2026\\\/04\\\/2026_Pisters_amb_Formadors.jpg&quot;}],&quot;background_slideshow_loop&quot;:&quot;yes&quot;,&quot;background_slideshow_slide_duration&quot;:5000,&quot;background_slideshow_slide_transition&quot;:&quot;fade&quot;,&quot;background_slideshow_transition_duration&quot;:500}\">\n\t\t\t\t\t<div class=\"e-con-inner\">\n\t\t\t\t\t<\/div>\n\t\t\t\t<\/div>\n\t\t\t\t\t<\/div>\n\t\t\t\t<\/div>\n\t\t<div class=\"elementor-element elementor-element-c5f08ce e-flex e-con-boxed e-con e-parent\" data-id=\"c5f08ce\" data-element_type=\"container\">\n\t\t\t\t\t<div class=\"e-con-inner\">\n\t\t<div class=\"elementor-element elementor-element-df35577 e-con-full e-flex e-con e-child\" data-id=\"df35577\" data-element_type=\"container\">\n\t\t\t\t<div class=\"elementor-element elementor-element-abd2b75 elementor-widget__width-initial elementor-widget elementor-widget-heading\" data-id=\"abd2b75\" data-element_type=\"widget\" data-widget_type=\"heading.default\">\n\t\t\t\t<div class=\"elementor-widget-container\">\n\t\t\t<h2 class=\"elementor-heading-title elementor-size-default\">Certification exams<\/h2>\t\t<\/div>\n\t\t\t\t<\/div>\n\t\t\t\t<\/div>\n\t\t<div class=\"elementor-element elementor-element-9e2aa1a e-con-full e-flex e-con e-child\" data-id=\"9e2aa1a\" data-element_type=\"container\">\n\t\t\t\t<div class=\"elementor-element elementor-element-9b7ae0b elementor-widget elementor-widget-heading\" data-id=\"9b7ae0b\" data-element_type=\"widget\" data-widget_type=\"heading.default\">\n\t\t\t\t<div class=\"elementor-widget-container\">\n\t\t\t<h2 class=\"elementor-heading-title elementor-size-default\">09\/02\/2026\n<\/h2>\t\t<\/div>\n\t\t\t\t<\/div>\n\t\t\t\t<\/div>\n\t\t\t\t\t<\/div>\n\t\t\t\t<\/div>\n\t\t<div class=\"elementor-element elementor-element-bd3741a elementor-hidden-mobile e-flex e-con-boxed e-con e-parent\" data-id=\"bd3741a\" data-element_type=\"container\">\n\t\t\t\t\t<div class=\"e-con-inner\">\n\t\t<div class=\"elementor-element elementor-element-2c22ce2 e-con-full e-flex e-con e-child\" data-id=\"2c22ce2\" data-element_type=\"container\">\n\t\t\t\t<div class=\"elementor-element elementor-element-904ebdb elementor-widget elementor-widget-text-editor\" data-id=\"904ebdb\" data-element_type=\"widget\" data-widget_type=\"text-editor.default\">\n\t\t\t\t<div class=\"elementor-widget-container\">\n\t\t\t\t\t\t\t<p class=\"p1\">During the second half of January, the operational exams for ski resort workers were held. The exams for Ski Lift and Ski Area Agent  were administered, as well as the theoretical portion of the exams for ski lift and snow groomer operators. The tests were organised at the Andorra la Vella Congress Centre and  were attended by 240 people.<\/p><p class=\"p1\">More information:<\/p><p><a href=\"https:\/\/skiandorra.ad\/en\/examens-agent-de-remuntadors-mecanics-i-dominis-esquiables\/\" target=\"_blank\" rel=\"noopener\"><span style=\"color: #76aee1;\">Ski lift and ski area agent exams<\/span><\/a><\/p>\t\t\t\t\t\t<\/div>\n\t\t\t\t<\/div>\n\t\t\t\t<\/div>\n\t\t<div class=\"elementor-element elementor-element-9622295 e-flex e-con-boxed e-con e-child\" data-id=\"9622295\" data-element_type=\"container\" data-settings=\"{&quot;background_background&quot;:&quot;slideshow&quot;,&quot;background_slideshow_gallery&quot;:[{&quot;id&quot;:6611,&quot;url&quot;:&quot;https:\\\/\\\/skiandorra.ad\\\/wp-content\\\/uploads\\\/2026\\\/02\\\/WhatsApp-Image-2026-01-29-at-16.20.52-1.jpeg&quot;}],&quot;background_slideshow_loop&quot;:&quot;yes&quot;,&quot;background_slideshow_slide_duration&quot;:5000,&quot;background_slideshow_slide_transition&quot;:&quot;fade&quot;,&quot;background_slideshow_transition_duration&quot;:500}\">\n\t\t\t\t\t<div class=\"e-con-inner\">\n\t\t\t\t\t<\/div>\n\t\t\t\t<\/div>\n\t\t\t\t\t<\/div>\n\t\t\t\t<\/div>\n\t\t<div class=\"elementor-element elementor-element-b792b30 elementor-hidden-desktop elementor-hidden-tablet e-flex e-con-boxed e-con e-parent\" data-id=\"b792b30\" data-element_type=\"container\">\n\t\t\t\t\t<div class=\"e-con-inner\">\n\t\t<div class=\"elementor-element elementor-element-2489576 e-con-full e-flex e-con e-child\" data-id=\"2489576\" data-element_type=\"container\">\n\t\t\t\t<div class=\"elementor-element elementor-element-70976be elementor-widget elementor-widget-text-editor\" data-id=\"70976be\" data-element_type=\"widget\" data-widget_type=\"text-editor.default\">\n\t\t\t\t<div class=\"elementor-widget-container\">\n\t\t\t\t\t\t\t<p class=\"p1\">During the second half of January, the operational exams for ski resort workers were held. The exams for Ski Lift and Ski Area Agent  were administered, as well as the theoretical portion of the exams for ski lift and snow groomer operators. The tests were organised at the Andorra la Vella Congress Centre and  were attended by 240 people.<\/p><p class=\"p1\">More information:<\/p><p><a href=\"https:\/\/skiandorra.ad\/en\/examens-agent-de-remuntadors-mecanics-i-dominis-esquiables\/\" target=\"_blank\" rel=\"noopener\"><span style=\"color: #76aee1;\">Ski lift and ski area agent exams<\/span><\/a><\/p>\t\t\t\t\t\t<\/div>\n\t\t\t\t<\/div>\n\t\t\t\t<\/div>\n\t\t<div class=\"elementor-element elementor-element-0798494 e-flex e-con-boxed e-con e-child\" data-id=\"0798494\" data-element_type=\"container\" data-settings=\"{&quot;background_background&quot;:&quot;slideshow&quot;,&quot;background_slideshow_gallery&quot;:[{&quot;id&quot;:6611,&quot;url&quot;:&quot;https:\\\/\\\/skiandorra.ad\\\/wp-content\\\/uploads\\\/2026\\\/02\\\/WhatsApp-Image-2026-01-29-at-16.20.52-1.jpeg&quot;}],&quot;background_slideshow_loop&quot;:&quot;yes&quot;,&quot;background_slideshow_slide_duration&quot;:5000,&quot;background_slideshow_slide_transition&quot;:&quot;fade&quot;,&quot;background_slideshow_transition_duration&quot;:500}\">\n\t\t\t\t\t<div class=\"e-con-inner\">\n\t\t\t\t\t<\/div>\n\t\t\t\t<\/div>\n\t\t\t\t\t<\/div>\n\t\t\t\t<\/div>\n\t\t<div class=\"elementor-element elementor-element-da8d311 e-flex e-con-boxed e-con e-parent\" data-id=\"da8d311\" data-element_type=\"container\">\n\t\t\t\t\t<div class=\"e-con-inner\">\n\t\t<div class=\"elementor-element elementor-element-f7de345 e-con-full e-flex e-con e-child\" data-id=\"f7de345\" data-element_type=\"container\">\n\t\t\t\t<div class=\"elementor-element elementor-element-7419873 elementor-widget__width-initial elementor-widget elementor-widget-heading\" data-id=\"7419873\" data-element_type=\"widget\" data-widget_type=\"heading.default\">\n\t\t\t\t<div class=\"elementor-widget-container\">\n\t\t\t<h2 class=\"elementor-heading-title elementor-size-default\">Ski mountaineering at resorts<\/h2>\t\t<\/div>\n\t\t\t\t<\/div>\n\t\t\t\t<\/div>\n\t\t<div class=\"elementor-element elementor-element-ad55cf9 e-con-full e-flex e-con e-child\" data-id=\"ad55cf9\" data-element_type=\"container\">\n\t\t\t\t<div class=\"elementor-element elementor-element-f0fd7d8 elementor-widget elementor-widget-heading\" data-id=\"f0fd7d8\" data-element_type=\"widget\" data-widget_type=\"heading.default\">\n\t\t\t\t<div class=\"elementor-widget-container\">\n\t\t\t<h2 class=\"elementor-heading-title elementor-size-default\">19\/01\/2026\n<\/h2>\t\t<\/div>\n\t\t\t\t<\/div>\n\t\t\t\t<\/div>\n\t\t\t\t\t<\/div>\n\t\t\t\t<\/div>\n\t\t<div class=\"elementor-element elementor-element-7f5fa91 elementor-hidden-mobile e-flex e-con-boxed e-con e-parent\" data-id=\"7f5fa91\" data-element_type=\"container\">\n\t\t\t\t\t<div class=\"e-con-inner\">\n\t\t<div class=\"elementor-element elementor-element-1cdcaeb e-con-full e-flex e-con e-child\" data-id=\"1cdcaeb\" data-element_type=\"container\">\n\t\t\t\t<div class=\"elementor-element elementor-element-02630ec elementor-widget elementor-widget-text-editor\" data-id=\"02630ec\" data-element_type=\"widget\" data-widget_type=\"text-editor.default\">\n\t\t\t\t<div class=\"elementor-widget-container\">\n\t\t\t\t\t\t\t<p class=\"p1\">If you practice ski mountaineering at resorts, it is essential that you consult the authorized itineraries , the permitted slopes at each resort, and the established opening hours, both during and outside of regular business hours.<\/p><p class=\"p1\">Ski mountaineering must be practiced respecting safety regulations, signage, recommendations, and instructions from accredited resort staff, in order to guarantee a safe activity that is compatible with other users.<\/p><p class=\"p1\">More information:<\/p><p><a href=\"https:\/\/skiandorra.ad\/en\/esqui-de-muntanya-a-les-estacions-de-muntanya\/\" target=\"_blank\" rel=\"noopener\"><span style=\"color: #76aee1;\">Ski mountaineering at resorts<\/span><\/a><\/p>\t\t\t\t\t\t<\/div>\n\t\t\t\t<\/div>\n\t\t\t\t<\/div>\n\t\t<div class=\"elementor-element elementor-element-03b3f9b e-flex e-con-boxed e-con e-child\" data-id=\"03b3f9b\" data-element_type=\"container\" data-settings=\"{&quot;background_background&quot;:&quot;slideshow&quot;,&quot;background_slideshow_gallery&quot;:[{&quot;id&quot;:6584,&quot;url&quot;:&quot;https:\\\/\\\/skiandorra.ad\\\/wp-content\\\/uploads\\\/2026\\\/01\\\/MUNTANYA-1.png&quot;}],&quot;background_slideshow_loop&quot;:&quot;yes&quot;,&quot;background_slideshow_slide_duration&quot;:5000,&quot;background_slideshow_slide_transition&quot;:&quot;fade&quot;,&quot;background_slideshow_transition_duration&quot;:500}\">\n\t\t\t\t\t<div class=\"e-con-inner\">\n\t\t\t\t\t<\/div>\n\t\t\t\t<\/div>\n\t\t\t\t\t<\/div>\n\t\t\t\t<\/div>\n\t\t<div class=\"elementor-element elementor-element-14f9240 elementor-hidden-desktop elementor-hidden-tablet e-flex e-con-boxed e-con e-parent\" data-id=\"14f9240\" data-element_type=\"container\">\n\t\t\t\t\t<div class=\"e-con-inner\">\n\t\t<div class=\"elementor-element elementor-element-2fc3381 e-con-full e-flex e-con e-child\" data-id=\"2fc3381\" data-element_type=\"container\">\n\t\t\t\t<div class=\"elementor-element elementor-element-8469145 elementor-widget elementor-widget-text-editor\" data-id=\"8469145\" data-element_type=\"widget\" data-widget_type=\"text-editor.default\">\n\t\t\t\t<div class=\"elementor-widget-container\">\n\t\t\t\t\t\t\t<p class=\"p1\">If you practice ski mountaineering at resorts, it is essential that you consult the authorized itineraries , the permitted slopes at each resort, and the established opening hours, both during and outside of regular business hours.<\/p><p class=\"p1\">Ski mountaineering must be practiced respecting safety regulations, signage, recommendations, and instructions from accredited resort staff, in order to guarantee a safe activity that is compatible with other users.<\/p><p class=\"p1\">More information:<\/p><p><a href=\"https:\/\/skiandorra.ad\/en\/esqui-de-muntanya-a-les-estacions-de-muntanya\/\" target=\"_blank\" rel=\"noopener\"><span style=\"color: #76aee1;\">Ski mountaineering at resorts<\/span><\/a><\/p>\t\t\t\t\t\t<\/div>\n\t\t\t\t<\/div>\n\t\t\t\t<\/div>\n\t\t<div class=\"elementor-element elementor-element-775fb5b e-flex e-con-boxed e-con e-child\" data-id=\"775fb5b\" data-element_type=\"container\" data-settings=\"{&quot;background_background&quot;:&quot;slideshow&quot;,&quot;background_slideshow_gallery&quot;:[{&quot;id&quot;:6584,&quot;url&quot;:&quot;https:\\\/\\\/skiandorra.ad\\\/wp-content\\\/uploads\\\/2026\\\/01\\\/MUNTANYA-1.png&quot;}],&quot;background_slideshow_loop&quot;:&quot;yes&quot;,&quot;background_slideshow_slide_duration&quot;:5000,&quot;background_slideshow_slide_transition&quot;:&quot;fade&quot;,&quot;background_slideshow_transition_duration&quot;:500}\">\n\t\t\t\t\t<div class=\"e-con-inner\">\n\t\t\t\t\t<\/div>\n\t\t\t\t<\/div>\n\t\t\t\t\t<\/div>\n\t\t\t\t<\/div>\n\t\t<div class=\"elementor-element elementor-element-1d66030 e-flex e-con-boxed e-con e-parent\" data-id=\"1d66030\" data-element_type=\"container\">\n\t\t\t\t\t<div class=\"e-con-inner\">\n\t\t<div class=\"elementor-element elementor-element-28d435e e-con-full e-flex e-con e-child\" data-id=\"28d435e\" data-element_type=\"container\">\n\t\t\t\t<div class=\"elementor-element elementor-element-34dd331 elementor-widget__width-initial elementor-widget elementor-widget-heading\" data-id=\"34dd331\" data-element_type=\"widget\" data-widget_type=\"heading.default\">\n\t\t\t\t<div class=\"elementor-widget-container\">\n\t\t\t<h2 class=\"elementor-heading-title elementor-size-default\">NATIONAL AVALANCHE DRILL<\/h2>\t\t<\/div>\n\t\t\t\t<\/div>\n\t\t\t\t<\/div>\n\t\t<div class=\"elementor-element elementor-element-13d9c8f e-con-full e-flex e-con e-child\" data-id=\"13d9c8f\" data-element_type=\"container\">\n\t\t\t\t<div class=\"elementor-element elementor-element-b888505 elementor-widget elementor-widget-heading\" data-id=\"b888505\" data-element_type=\"widget\" data-widget_type=\"heading.default\">\n\t\t\t\t<div class=\"elementor-widget-container\">\n\t\t\t<h2 class=\"elementor-heading-title elementor-size-default\">09\/01\/2026\n<\/h2>\t\t<\/div>\n\t\t\t\t<\/div>\n\t\t\t\t<\/div>\n\t\t\t\t\t<\/div>\n\t\t\t\t<\/div>\n\t\t<div class=\"elementor-element elementor-element-39e8f82 elementor-hidden-mobile e-flex e-con-boxed e-con e-parent\" data-id=\"39e8f82\" data-element_type=\"container\">\n\t\t\t\t\t<div class=\"e-con-inner\">\n\t\t<div class=\"elementor-element elementor-element-1b9a68c e-con-full e-flex e-con e-child\" data-id=\"1b9a68c\" data-element_type=\"container\">\n\t\t\t\t<div class=\"elementor-element elementor-element-e4a86d8 elementor-widget elementor-widget-text-editor\" data-id=\"e4a86d8\" data-element_type=\"widget\" data-widget_type=\"text-editor.default\">\n\t\t\t\t<div class=\"elementor-widget-container\">\n\t\t\t\t\t\t\t<p class=\"p1\">The Cubil sector of the Pal ski resort hosted the National Avalanche Drill on January 8th, with the participation of approximately eighty professionals. The event included the involvement of Civilian Protection, firefighters, ski patrollers, the Police  and others.<\/p><p class=\"p1\">This technical exercise focused on reviewing and updating the procedures, tools, and rescue techniques to be applied in the event of an avalanche within a ski area. The objective was to evaluate the coordination and operations of the various response teams involved in an emergency to improve the effectiveness of managing and resolving avalanche-related incidents.<\/p>\t\t\t\t\t\t<\/div>\n\t\t\t\t<\/div>\n\t\t\t\t<\/div>\n\t\t<div class=\"elementor-element elementor-element-cc14da6 e-flex e-con-boxed e-con e-child\" data-id=\"cc14da6\" data-element_type=\"container\" data-settings=\"{&quot;background_background&quot;:&quot;video&quot;,&quot;background_video_link&quot;:&quot;https:\\\/\\\/skiandorra.ad\\\/wp-content\\\/uploads\\\/2026\\\/01\\\/REEL-SIMULACRE-ALLAU-INTERNACIONAL-1.mov&quot;}\">\n\t\t\t\t\t<div class=\"e-con-inner\">\n\t\t<div class=\"elementor-background-video-container elementor-hidden-phone\">\n\t\t\t\t\t\t\t<video class=\"elementor-background-video-hosted elementor-html5-video\" autoplay muted playsinline loop><\/video>\n\t\t\t\t\t<\/div>\t\t\t<\/div>\n\t\t\t\t<\/div>\n\t\t\t\t\t<\/div>\n\t\t\t\t<\/div>\n\t\t<div class=\"elementor-element elementor-element-0775514 elementor-hidden-desktop e-flex e-con-boxed e-con e-parent\" data-id=\"0775514\" data-element_type=\"container\">\n\t\t\t\t\t<div class=\"e-con-inner\">\n\t\t<div class=\"elementor-element elementor-element-d8555f7 e-con-full e-flex e-con e-child\" data-id=\"d8555f7\" data-element_type=\"container\">\n\t\t\t\t<div class=\"elementor-element elementor-element-ced202c elementor-widget elementor-widget-text-editor\" data-id=\"ced202c\" data-element_type=\"widget\" data-widget_type=\"text-editor.default\">\n\t\t\t\t<div class=\"elementor-widget-container\">\n\t\t\t\t\t\t\t<p class=\"p1\">The Cubil sector of the Pal ski resort hosted the National Avalanche Drill on January 8th, with the participation of approximately eighty professionals. The event included the involvement of Civilian Protection, firefighters, ski patrollers, the Police  and others.<\/p><p class=\"p1\">This technical exercise focused on reviewing and updating the procedures, tools, and rescue techniques to be applied in the event of an avalanche within a ski area. The objective was to evaluate the coordination and operations of the various response teams involved in an emergency to improve the effectiveness of managing and resolving avalanche-related incidents.<\/p>\t\t\t\t\t\t<\/div>\n\t\t\t\t<\/div>\n\t\t\t\t<\/div>\n\t\t<div class=\"elementor-element elementor-element-254601b e-flex e-con-boxed e-con e-child\" data-id=\"254601b\" data-element_type=\"container\" data-settings=\"{&quot;background_background&quot;:&quot;video&quot;,&quot;background_video_link&quot;:&quot;https:\\\/\\\/skiandorra.ad\\\/wp-content\\\/uploads\\\/2026\\\/01\\\/REEL-SIMULACRE-ALLAU-INTERNACIONAL-1.mov&quot;,&quot;background_play_on_mobile&quot;:&quot;yes&quot;}\">\n\t\t\t\t\t<div class=\"e-con-inner\">\n\t\t<div class=\"elementor-background-video-container\">\n\t\t\t\t\t\t\t<video class=\"elementor-background-video-hosted elementor-html5-video\" autoplay muted playsinline loop><\/video>\n\t\t\t\t\t<\/div>\t\t\t<\/div>\n\t\t\t\t<\/div>\n\t\t\t\t\t<\/div>\n\t\t\t\t<\/div>\n\t\t<div class=\"elementor-element elementor-element-4935182 e-flex e-con-boxed e-con e-parent\" data-id=\"4935182\" data-element_type=\"container\">\n\t\t\t\t\t<div class=\"e-con-inner\">\n\t\t<div class=\"elementor-element elementor-element-63379f6 e-con-full e-flex e-con e-child\" data-id=\"63379f6\" data-element_type=\"container\">\n\t\t\t\t<div class=\"elementor-element elementor-element-93d23d1 elementor-widget__width-initial elementor-widget elementor-widget-heading\" data-id=\"93d23d1\" data-element_type=\"widget\" data-widget_type=\"heading.default\">\n\t\t\t\t<div class=\"elementor-widget-container\">\n\t\t\t<h2 class=\"elementor-heading-title elementor-size-default\">Season 2025\/2026<\/h2>\t\t<\/div>\n\t\t\t\t<\/div>\n\t\t\t\t<\/div>\n\t\t<div class=\"elementor-element elementor-element-b0a7490 e-con-full e-flex e-con e-child\" data-id=\"b0a7490\" data-element_type=\"container\">\n\t\t\t\t<div class=\"elementor-element elementor-element-1c8375f elementor-widget elementor-widget-heading\" data-id=\"1c8375f\" data-element_type=\"widget\" data-widget_type=\"heading.default\">\n\t\t\t\t<div class=\"elementor-widget-container\">\n\t\t\t<h2 class=\"elementor-heading-title elementor-size-default\">05\/12\/25\n<\/h2>\t\t<\/div>\n\t\t\t\t<\/div>\n\t\t\t\t<\/div>\n\t\t\t\t\t<\/div>\n\t\t\t\t<\/div>\n\t\t<div class=\"elementor-element elementor-element-8d024f5 elementor-hidden-mobile e-flex e-con-boxed e-con e-parent\" data-id=\"8d024f5\" data-element_type=\"container\">\n\t\t\t\t\t<div class=\"e-con-inner\">\n\t\t<div class=\"elementor-element elementor-element-d3733e0 e-con-full e-flex e-con e-child\" data-id=\"d3733e0\" data-element_type=\"container\">\n\t\t\t\t<div class=\"elementor-element elementor-element-8b29dfa elementor-widget elementor-widget-text-editor\" data-id=\"8b29dfa\" data-element_type=\"widget\" data-widget_type=\"text-editor.default\">\n\t\t\t\t<div class=\"elementor-widget-container\">\n\t\t\t\t\t\t\t<p class=\"p1\">The ski resorts in Andorra have officially started the winter season, which will last until 6 April.<\/p><p class=\"p2\">This has been possible thanks to the snowfall received during November, but especially to the work carried out by the technical teams and the snowmaking network of the ski areas.<\/p>\t\t\t\t\t\t<\/div>\n\t\t\t\t<\/div>\n\t\t\t\t<\/div>\n\t\t<div class=\"elementor-element elementor-element-46f4803 e-flex e-con-boxed e-con e-child\" data-id=\"46f4803\" data-element_type=\"container\" data-settings=\"{&quot;background_background&quot;:&quot;slideshow&quot;,&quot;background_slideshow_gallery&quot;:[{&quot;id&quot;:6139,&quot;url&quot;:&quot;https:\\\/\\\/skiandorra.ad\\\/wp-content\\\/uploads\\\/2025\\\/12\\\/PAL-ARINSAL-25-26-1-scaled.jpg&quot;}],&quot;background_slideshow_loop&quot;:&quot;yes&quot;,&quot;background_slideshow_slide_duration&quot;:5000,&quot;background_slideshow_slide_transition&quot;:&quot;fade&quot;,&quot;background_slideshow_transition_duration&quot;:500}\">\n\t\t\t\t\t<div class=\"e-con-inner\">\n\t\t\t\t\t<\/div>\n\t\t\t\t<\/div>\n\t\t\t\t\t<\/div>\n\t\t\t\t<\/div>\n\t\t<div class=\"elementor-element elementor-element-b7c110b elementor-hidden-desktop e-flex e-con-boxed e-con e-parent\" data-id=\"b7c110b\" data-element_type=\"container\">\n\t\t\t\t\t<div class=\"e-con-inner\">\n\t\t<div class=\"elementor-element elementor-element-8cccf5b e-con-full e-flex e-con e-child\" data-id=\"8cccf5b\" data-element_type=\"container\">\n\t\t\t\t<div class=\"elementor-element elementor-element-da543dc elementor-widget elementor-widget-text-editor\" data-id=\"da543dc\" data-element_type=\"widget\" data-widget_type=\"text-editor.default\">\n\t\t\t\t<div class=\"elementor-widget-container\">\n\t\t\t\t\t\t\t<p class=\"p1\">The ski resorts in Andorra have officially started the winter season, which will last until 6 April.<\/p><p class=\"p2\">This has been possible thanks to the snowfall received during November, but especially to the work carried out by the technical teams and the snowmaking network of the ski areas.<\/p>\t\t\t\t\t\t<\/div>\n\t\t\t\t<\/div>\n\t\t\t\t<\/div>\n\t\t<div class=\"elementor-element elementor-element-5801001 e-flex e-con-boxed e-con e-child\" data-id=\"5801001\" data-element_type=\"container\" data-settings=\"{&quot;background_background&quot;:&quot;slideshow&quot;,&quot;background_slideshow_gallery&quot;:[{&quot;id&quot;:6139,&quot;url&quot;:&quot;https:\\\/\\\/skiandorra.ad\\\/wp-content\\\/uploads\\\/2025\\\/12\\\/PAL-ARINSAL-25-26-1-scaled.jpg&quot;}],&quot;background_slideshow_loop&quot;:&quot;yes&quot;,&quot;background_slideshow_slide_duration&quot;:5000,&quot;background_slideshow_slide_transition&quot;:&quot;fade&quot;,&quot;background_slideshow_transition_duration&quot;:500}\">\n\t\t\t\t\t<div class=\"e-con-inner\">\n\t\t\t\t\t<\/div>\n\t\t\t\t<\/div>\n\t\t\t\t\t<\/div>\n\t\t\t\t<\/div>\n\t\t<div class=\"elementor-element elementor-element-564bf39 e-flex e-con-boxed e-con e-parent\" data-id=\"564bf39\" data-element_type=\"container\">\n\t\t\t\t\t<div class=\"e-con-inner\">\n\t\t<div class=\"elementor-element elementor-element-1ce1b24 e-con-full e-flex e-con e-child\" data-id=\"1ce1b24\" data-element_type=\"container\">\n\t\t\t\t<div class=\"elementor-element elementor-element-7102427 elementor-widget__width-initial elementor-widget elementor-widget-heading\" data-id=\"7102427\" data-element_type=\"widget\" data-widget_type=\"heading.default\">\n\t\t\t\t<div class=\"elementor-widget-container\">\n\t\t\t<h2 class=\"elementor-heading-title elementor-size-default\">Ordino Arcal\u00eds inaugurates the ski season <\/h2>\t\t<\/div>\n\t\t\t\t<\/div>\n\t\t\t\t<\/div>\n\t\t<div class=\"elementor-element elementor-element-be640da e-con-full e-flex e-con e-child\" data-id=\"be640da\" data-element_type=\"container\">\n\t\t\t\t<div class=\"elementor-element elementor-element-6dc2d74 elementor-widget elementor-widget-heading\" data-id=\"6dc2d74\" data-element_type=\"widget\" data-widget_type=\"heading.default\">\n\t\t\t\t<div class=\"elementor-widget-container\">\n\t\t\t<h2 class=\"elementor-heading-title elementor-size-default\">28\/11\/25\n<\/h2>\t\t<\/div>\n\t\t\t\t<\/div>\n\t\t\t\t<\/div>\n\t\t\t\t\t<\/div>\n\t\t\t\t<\/div>\n\t\t<div class=\"elementor-element elementor-element-4247989 elementor-hidden-mobile e-flex e-con-boxed e-con e-parent\" data-id=\"4247989\" data-element_type=\"container\">\n\t\t\t\t\t<div class=\"e-con-inner\">\n\t\t<div class=\"elementor-element elementor-element-2251cfc e-con-full e-flex e-con e-child\" data-id=\"2251cfc\" data-element_type=\"container\">\n\t\t\t\t<div class=\"elementor-element elementor-element-18ade1b elementor-widget elementor-widget-text-editor\" data-id=\"18ade1b\" data-element_type=\"widget\" data-widget_type=\"text-editor.default\">\n\t\t\t\t<div class=\"elementor-widget-container\">\n\t\t\t\t\t\t\t<p class=\"p1\">The station partially opens the Coma area as of today and will expand the ski area in the following few days.<\/p><p class=\"p2\">The recent snowfalls and the work of the technical teams have allowed the opening to be advanced a week.<\/p><p class=\"p2\">The rest of the ski resorts  will open on the scheduled date for <b>the official start of the season, set for December 5th.\u00a0<\/b><\/p>\t\t\t\t\t\t<\/div>\n\t\t\t\t<\/div>\n\t\t\t\t<\/div>\n\t\t<div class=\"elementor-element elementor-element-d994877 e-flex e-con-boxed e-con e-child\" data-id=\"d994877\" data-element_type=\"container\" data-settings=\"{&quot;background_background&quot;:&quot;slideshow&quot;,&quot;background_slideshow_gallery&quot;:[{&quot;id&quot;:6103,&quot;url&quot;:&quot;https:\\\/\\\/skiandorra.ad\\\/wp-content\\\/uploads\\\/2025\\\/11\\\/ORDINO-ARCALIS-27.11.25-6-scaled.jpg&quot;}],&quot;background_slideshow_loop&quot;:&quot;yes&quot;,&quot;background_slideshow_slide_duration&quot;:5000,&quot;background_slideshow_slide_transition&quot;:&quot;fade&quot;,&quot;background_slideshow_transition_duration&quot;:500}\">\n\t\t\t\t\t<div class=\"e-con-inner\">\n\t\t\t\t\t<\/div>\n\t\t\t\t<\/div>\n\t\t\t\t\t<\/div>\n\t\t\t\t<\/div>\n\t\t<div class=\"elementor-element elementor-element-64117cc elementor-hidden-desktop e-flex e-con-boxed e-con e-parent\" data-id=\"64117cc\" data-element_type=\"container\">\n\t\t\t\t\t<div class=\"e-con-inner\">\n\t\t<div class=\"elementor-element elementor-element-45735ba e-con-full e-flex e-con e-child\" data-id=\"45735ba\" data-element_type=\"container\">\n\t\t\t\t<div class=\"elementor-element elementor-element-77134aa elementor-widget elementor-widget-text-editor\" data-id=\"77134aa\" data-element_type=\"widget\" data-widget_type=\"text-editor.default\">\n\t\t\t\t<div class=\"elementor-widget-container\">\n\t\t\t\t\t\t\t<p class=\"p1\">L\u2019estaci\u00f3 obre parcialment des d\u2019avui l\u2019\u00e0rea de la Coma i anir\u00e0 ampliant el domini esquiable disponible en els pr\u00f2xims dies<\/p><p class=\"p2\">The recent snowfalls and the work of the technical teams have allowed the opening to be advanced a week.<\/p><p class=\"p2\">The rest of the ski resorts  will open on the scheduled date for <b>the official start of the season, set for December 5th.\u00a0<\/b><\/p>\t\t\t\t\t\t<\/div>\n\t\t\t\t<\/div>\n\t\t\t\t<\/div>\n\t\t<div class=\"elementor-element elementor-element-a7cb292 e-flex e-con-boxed e-con e-child\" data-id=\"a7cb292\" data-element_type=\"container\" data-settings=\"{&quot;background_background&quot;:&quot;slideshow&quot;,&quot;background_slideshow_gallery&quot;:[{&quot;id&quot;:6103,&quot;url&quot;:&quot;https:\\\/\\\/skiandorra.ad\\\/wp-content\\\/uploads\\\/2025\\\/11\\\/ORDINO-ARCALIS-27.11.25-6-scaled.jpg&quot;}],&quot;background_slideshow_loop&quot;:&quot;yes&quot;,&quot;background_slideshow_slide_duration&quot;:5000,&quot;background_slideshow_slide_transition&quot;:&quot;fade&quot;,&quot;background_slideshow_transition_duration&quot;:500}\">\n\t\t\t\t\t<div class=\"e-con-inner\">\n\t\t\t\t\t<\/div>\n\t\t\t\t<\/div>\n\t\t\t\t\t<\/div>\n\t\t\t\t<\/div>\n\t\t\t\t<\/div>","protected":false},"excerpt":{"rendered":"<p>Les estacions d\u2019esqu\u00ed d\u2019Andorra tanquen una molt bona temporada d\u2019hivern 2025\/26 14\/04\/2026 Amb un balan\u00e7 positiu, les estacions d\u2019esqu\u00ed d\u2019Andorra han donat per finalitzada la temporada el diumenge 12 d\u2019abril, amb 2.382.805 dies d\u2019esqu\u00ed venuts, un creixement del 2,7% respecte l\u2019hivern passat i un augment del 4,25% en la xifra de negoci.. Ha estat un [&hellip;]<\/p>","protected":false},"author":6,"featured_media":0,"parent":0,"menu_order":0,"comment_status":"closed","ping_status":"closed","template":"","meta":{"inline_featured_image":false,"footnotes":""},"class_list":["post-5613","page","type-page","status-publish","hentry"],"_links":{"self":[{"href":"https:\/\/skiandorra.ad\/en\/wp-json\/wp\/v2\/pages\/5613","targetHints":{"allow":["GET"]}}],"collection":[{"href":"https:\/\/skiandorra.ad\/en\/wp-json\/wp\/v2\/pages"}],"about":[{"href":"https:\/\/skiandorra.ad\/en\/wp-json\/wp\/v2\/types\/page"}],"author":[{"embeddable":true,"href":"https:\/\/skiandorra.ad\/en\/wp-json\/wp\/v2\/users\/6"}],"replies":[{"embeddable":true,"href":"https:\/\/skiandorra.ad\/en\/wp-json\/wp\/v2\/comments?post=5613"}],"version-history":[{"count":151,"href":"https:\/\/skiandorra.ad\/en\/wp-json\/wp\/v2\/pages\/5613\/revisions"}],"predecessor-version":[{"id":6713,"href":"https:\/\/skiandorra.ad\/en\/wp-json\/wp\/v2\/pages\/5613\/revisions\/6713"}],"wp:attachment":[{"href":"https:\/\/skiandorra.ad\/en\/wp-json\/wp\/v2\/media?parent=5613"}],"curies":[{"name":"wp","href":"https:\/\/api.w.org\/{rel}","templated":true}]}}