{"id":5613,"date":"2025-03-06T09:59:46","date_gmt":"2025-03-06T08:59:46","guid":{"rendered":"https:\/\/skiandorra.ad\/?page_id=5613"},"modified":"2026-04-16T10:37:18","modified_gmt":"2026-04-16T08:37:18","slug":"noticies","status":"publish","type":"page","link":"https:\/\/skiandorra.ad\/fr\/noticies\/","title":{"rendered":"Actualit\u00e9s"},"content":{"rendered":"<div data-elementor-type=\"wp-page\" data-elementor-id=\"5613\" class=\"elementor elementor-5613\" data-elementor-post-type=\"page\">\n\t\t\t\t<div class=\"elementor-element elementor-element-bcc63ae e-flex e-con-boxed e-con e-parent\" data-id=\"bcc63ae\" data-element_type=\"container\">\n\t\t\t\t\t<div class=\"e-con-inner\">\n\t\t<div class=\"elementor-element elementor-element-36a803f e-con-full e-flex e-con e-child\" data-id=\"36a803f\" data-element_type=\"container\">\n\t\t\t\t<div class=\"elementor-element elementor-element-4212a99 elementor-widget__width-initial elementor-widget elementor-widget-heading\" data-id=\"4212a99\" data-element_type=\"widget\" data-widget_type=\"heading.default\">\n\t\t\t\t<div class=\"elementor-widget-container\">\n\t\t\t<style>\/*! elementor - v3.21.0 - 30-04-2024 *\/\n.elementor-heading-title{padding:0;margin:0;line-height:1}.elementor-widget-heading .elementor-heading-title[class*=elementor-size-]>a{color:inherit;font-size:inherit;line-height:inherit}.elementor-widget-heading .elementor-heading-title.elementor-size-small{font-size:15px}.elementor-widget-heading .elementor-heading-title.elementor-size-medium{font-size:19px}.elementor-widget-heading .elementor-heading-title.elementor-size-large{font-size:29px}.elementor-widget-heading .elementor-heading-title.elementor-size-xl{font-size:39px}.elementor-widget-heading .elementor-heading-title.elementor-size-xxl{font-size:59px}<\/style><h2 class=\"elementor-heading-title elementor-size-default\">Les stations de ski d'Andorre cl\u00f4turent une tr\u00e8s bonne saison d'hiver 2025\/26<\/h2>\t\t<\/div>\n\t\t\t\t<\/div>\n\t\t\t\t<\/div>\n\t\t<div class=\"elementor-element elementor-element-2990acb e-con-full e-flex e-con e-child\" data-id=\"2990acb\" data-element_type=\"container\">\n\t\t\t\t<div class=\"elementor-element elementor-element-7cd0342 elementor-widget elementor-widget-heading\" data-id=\"7cd0342\" data-element_type=\"widget\" data-widget_type=\"heading.default\">\n\t\t\t\t<div class=\"elementor-widget-container\">\n\t\t\t<h2 class=\"elementor-heading-title elementor-size-default\">14\/04\/2026<\/h2>\t\t<\/div>\n\t\t\t\t<\/div>\n\t\t\t\t<\/div>\n\t\t\t\t\t<\/div>\n\t\t\t\t<\/div>\n\t\t<div class=\"elementor-element elementor-element-233dec2 elementor-hidden-mobile e-flex e-con-boxed e-con e-parent\" data-id=\"233dec2\" data-element_type=\"container\">\n\t\t\t\t\t<div class=\"e-con-inner\">\n\t\t<div class=\"elementor-element elementor-element-5ccd363 e-con-full e-flex e-con e-child\" data-id=\"5ccd363\" data-element_type=\"container\">\n\t\t\t\t<div class=\"elementor-element elementor-element-a60ad0d elementor-widget elementor-widget-text-editor\" data-id=\"a60ad0d\" data-element_type=\"widget\" data-widget_type=\"text-editor.default\">\n\t\t\t\t<div class=\"elementor-widget-container\">\n\t\t\t<style>\/*! elementor - v3.21.0 - 30-04-2024 *\/\n.elementor-widget-text-editor.elementor-drop-cap-view-stacked .elementor-drop-cap{background-color:#69727d;color:#fff}.elementor-widget-text-editor.elementor-drop-cap-view-framed .elementor-drop-cap{color:#69727d;border:3px solid;background-color:transparent}.elementor-widget-text-editor:not(.elementor-drop-cap-view-default) .elementor-drop-cap{margin-top:8px}.elementor-widget-text-editor:not(.elementor-drop-cap-view-default) .elementor-drop-cap-letter{width:1em;height:1em}.elementor-widget-text-editor .elementor-drop-cap{float:left;text-align:center;line-height:1;font-size:50px}.elementor-widget-text-editor .elementor-drop-cap-letter{display:inline-block}<\/style>\t\t\t\t<p class=\"p1\">Avec un bilan positif, les stations de ski d'Andorre ont cl\u00f4tur\u00e9 la saison dimanche 12 avril, avec 2 382 805 journ\u00e9es de ski vendues, soit une hausse de 2,7 % par rapport \u00e0 l'hiver dernier et une augmentation de 4,25 % du chiffre d'affaires.<\/p><p>Cet hiver a \u00e9t\u00e9 marqu\u00e9 par des conditions d'enneigement exceptionnelles et des cumuls de neige historiques, ce qui a permis d'ouvrir 100 % des pistes la plupart du temps. Malgr\u00e9 ces bons r\u00e9sultats, les stations ont \u00e9t\u00e9 affect\u00e9es par des conditions m\u00e9t\u00e9orologiques d\u00e9favorables pendant 10 week-ends sur les 18, ainsi que par les perturbations caus\u00e9es par les coupures de circulation fr\u00e9quentes sur la route d'acc\u00e8s \u00e0 Andorre depuis la France, notamment l'\u00e9boulement sur la RN-20, qui a bloqu\u00e9 la route pendant 37 jours, affectant tout particuli\u00e8rement les clients en s\u00e9jour de courte dur\u00e9e.<\/p><p>Les stations se pr\u00e9parent pour la saison d'\u00e9t\u00e9 avec des ouvertures progressives \u00e0 partir du 6 juin, \u00e0 commencer par l'acc\u00e8s au Mirador Solar de Tristaina. La date officielle de d\u00e9but de la saison sera le 20 juin<\/p>\t\t\t\t\t\t<\/div>\n\t\t\t\t<\/div>\n\t\t\t\t<\/div>\n\t\t<div class=\"elementor-element elementor-element-8d1b6e8 e-flex e-con-boxed e-con e-child\" data-id=\"8d1b6e8\" data-element_type=\"container\" data-settings=\"{&quot;background_background&quot;:&quot;slideshow&quot;,&quot;background_slideshow_gallery&quot;:[{&quot;id&quot;:6695,&quot;url&quot;:&quot;https:\\\/\\\/skiandorra.ad\\\/wp-content\\\/uploads\\\/2026\\\/04\\\/closing1.jpg&quot;},{&quot;id&quot;:6694,&quot;url&quot;:&quot;https:\\\/\\\/skiandorra.ad\\\/wp-content\\\/uploads\\\/2026\\\/04\\\/closing2.jpg&quot;},{&quot;id&quot;:6693,&quot;url&quot;:&quot;https:\\\/\\\/skiandorra.ad\\\/wp-content\\\/uploads\\\/2026\\\/04\\\/closing3.jpg&quot;}],&quot;background_slideshow_loop&quot;:&quot;yes&quot;,&quot;background_slideshow_slide_duration&quot;:5000,&quot;background_slideshow_slide_transition&quot;:&quot;fade&quot;,&quot;background_slideshow_transition_duration&quot;:500}\">\n\t\t\t\t\t<div class=\"e-con-inner\">\n\t\t\t\t\t<\/div>\n\t\t\t\t<\/div>\n\t\t\t\t\t<\/div>\n\t\t\t\t<\/div>\n\t\t<div class=\"elementor-element elementor-element-13c6be2 elementor-hidden-desktop elementor-hidden-tablet e-flex e-con-boxed e-con e-parent\" data-id=\"13c6be2\" data-element_type=\"container\">\n\t\t\t\t\t<div class=\"e-con-inner\">\n\t\t<div class=\"elementor-element elementor-element-4c0ac6f e-con-full e-flex e-con e-child\" data-id=\"4c0ac6f\" data-element_type=\"container\">\n\t\t\t\t<div class=\"elementor-element elementor-element-f4e5297 elementor-widget elementor-widget-text-editor\" data-id=\"f4e5297\" data-element_type=\"widget\" data-widget_type=\"text-editor.default\">\n\t\t\t\t<div class=\"elementor-widget-container\">\n\t\t\t\t\t\t\t<p>Amb un balan\u00e7 positiu, les estacions d\u2019esqu\u00ed d\u2019Andorra han donat per finalitzada la temporada el diumenge 12 d\u2019abril, amb 2.382.805 dies d\u2019esqu\u00ed venuts, un creixement del 2,7% respecte l\u2019hivern passat i un augment del 4,25% en la xifra de negoci.<\/p><p>Ha estat un hivern marcat per unes condicions de neu excepcionals i gruixos acumulats hist\u00f2rics, fet que ha perm\u00e8s oferir el 100% de les pistes obertes durant la<br \/>major part dels dies. Tot i els bons resultats, les estacions s\u2019han vist afectades per les complicacions meteorol\u00f2giques en un total de 10 caps de setmana dels 18 totals, aix\u00ed com per les afectacions causades pels constants talls a la carretera d\u2019acc\u00e9s a Andorra des de Fran\u00e7a, destacant l\u2019esllavissada a la RN-20, que va mantenir la via tallada 37 dies afectant especialment els clients d\u2019estades curtes.<\/p><p>Les stations se pr\u00e9parent pour la saison d'\u00e9t\u00e9 avec des ouvertures progressives \u00e0 partir du 6 juin, \u00e0 commencer par l'acc\u00e8s au Mirador Solar de Tristaina. La date officielle de d\u00e9but de la saison sera le 20 juin<\/p>\t\t\t\t\t\t<\/div>\n\t\t\t\t<\/div>\n\t\t\t\t<\/div>\n\t\t<div class=\"elementor-element elementor-element-1a716f6 e-flex e-con-boxed e-con e-child\" data-id=\"1a716f6\" data-element_type=\"container\" data-settings=\"{&quot;background_background&quot;:&quot;slideshow&quot;,&quot;background_slideshow_gallery&quot;:[{&quot;id&quot;:6693,&quot;url&quot;:&quot;https:\\\/\\\/skiandorra.ad\\\/wp-content\\\/uploads\\\/2026\\\/04\\\/closing3.jpg&quot;},{&quot;id&quot;:6694,&quot;url&quot;:&quot;https:\\\/\\\/skiandorra.ad\\\/wp-content\\\/uploads\\\/2026\\\/04\\\/closing2.jpg&quot;},{&quot;id&quot;:6695,&quot;url&quot;:&quot;https:\\\/\\\/skiandorra.ad\\\/wp-content\\\/uploads\\\/2026\\\/04\\\/closing1.jpg&quot;}],&quot;background_slideshow_loop&quot;:&quot;yes&quot;,&quot;background_slideshow_slide_duration&quot;:5000,&quot;background_slideshow_slide_transition&quot;:&quot;fade&quot;,&quot;background_slideshow_transition_duration&quot;:500}\">\n\t\t\t\t\t<div class=\"e-con-inner\">\n\t\t\t\t\t<\/div>\n\t\t\t\t<\/div>\n\t\t\t\t\t<\/div>\n\t\t\t\t<\/div>\n\t\t<div class=\"elementor-element elementor-element-9edfa30 e-flex e-con-boxed e-con e-parent\" data-id=\"9edfa30\" data-element_type=\"container\">\n\t\t\t\t\t<div class=\"e-con-inner\">\n\t\t<div class=\"elementor-element elementor-element-3b418a5 e-con-full e-flex e-con e-child\" data-id=\"3b418a5\" data-element_type=\"container\">\n\t\t\t\t<div class=\"elementor-element elementor-element-d505087 elementor-widget__width-initial elementor-widget elementor-widget-heading\" data-id=\"d505087\" data-element_type=\"widget\" data-widget_type=\"heading.default\">\n\t\t\t\t<div class=\"elementor-widget-container\">\n\t\t\t<h2 class=\"elementor-heading-title elementor-size-default\">Organisation des examens pratiques pour les conducteurs de t\u00e9l\u00e9si\u00e8ges et d\u2019engins de damage<\/h2>\t\t<\/div>\n\t\t\t\t<\/div>\n\t\t\t\t<\/div>\n\t\t<div class=\"elementor-element elementor-element-ab5f69c e-con-full e-flex e-con e-child\" data-id=\"ab5f69c\" data-element_type=\"container\">\n\t\t\t\t<div class=\"elementor-element elementor-element-749e62b elementor-widget elementor-widget-heading\" data-id=\"749e62b\" data-element_type=\"widget\" data-widget_type=\"heading.default\">\n\t\t\t\t<div class=\"elementor-widget-container\">\n\t\t\t<h2 class=\"elementor-heading-title elementor-size-default\">13\/04\/2026<\/h2>\t\t<\/div>\n\t\t\t\t<\/div>\n\t\t\t\t<\/div>\n\t\t\t\t\t<\/div>\n\t\t\t\t<\/div>\n\t\t<div class=\"elementor-element elementor-element-d53895d elementor-hidden-mobile e-flex e-con-boxed e-con e-parent\" data-id=\"d53895d\" data-element_type=\"container\">\n\t\t\t\t\t<div class=\"e-con-inner\">\n\t\t<div class=\"elementor-element elementor-element-1d452e0 e-con-full e-flex e-con e-child\" data-id=\"1d452e0\" data-element_type=\"container\">\n\t\t\t\t<div class=\"elementor-element elementor-element-45b135f elementor-widget elementor-widget-text-editor\" data-id=\"45b135f\" data-element_type=\"widget\" data-widget_type=\"text-editor.default\">\n\t\t\t\t<div class=\"elementor-widget-container\">\n\t\t\t\t\t\t\t<p class=\"p1\">L'organisation des examens pratiques d'exploitation pour les conducteurs de t\u00e9l\u00e9si\u00e8ges et d'engins de damage vient de se terminer.<br \/><br \/>Cette ann\u00e9e, pr\u00e8s de 40 candidats ont r\u00e9alis\u00e9 la partie pratique entre le 9 mars et le 13 avril, apr\u00e8s avoir valid\u00e9 la partie th\u00e9orique au d\u00e9but du mois de f\u00e9vrier. Les candidats qui r\u00e9ussissent la partie pratique obtiendront le certificat de qualification professionnelle, attestant ainsi leur capacit\u00e9 et exp\u00e9rience.<br \/><br \/>Ces examens sont possibles gr\u00e2ce \u00e0 la collaboration des jurys et des pr\u00e9sidents de session, qui exercent leur mission d\u2019\u00e9valuation avec professionnalisme et rigueur.<\/p>\t\t\t\t\t\t<\/div>\n\t\t\t\t<\/div>\n\t\t\t\t<\/div>\n\t\t<div class=\"elementor-element elementor-element-327dc6d e-flex e-con-boxed e-con e-child\" data-id=\"327dc6d\" data-element_type=\"container\" data-settings=\"{&quot;background_background&quot;:&quot;slideshow&quot;,&quot;background_slideshow_gallery&quot;:[{&quot;id&quot;:6687,&quot;url&quot;:&quot;https:\\\/\\\/skiandorra.ad\\\/wp-content\\\/uploads\\\/2026\\\/04\\\/telecadira2.jpg&quot;},{&quot;id&quot;:6688,&quot;url&quot;:&quot;https:\\\/\\\/skiandorra.ad\\\/wp-content\\\/uploads\\\/2026\\\/04\\\/telecadira1.jpg&quot;}],&quot;background_slideshow_loop&quot;:&quot;yes&quot;,&quot;background_slideshow_slide_duration&quot;:5000,&quot;background_slideshow_slide_transition&quot;:&quot;fade&quot;,&quot;background_slideshow_transition_duration&quot;:500}\">\n\t\t\t\t\t<div class=\"e-con-inner\">\n\t\t\t\t\t<\/div>\n\t\t\t\t<\/div>\n\t\t\t\t\t<\/div>\n\t\t\t\t<\/div>\n\t\t<div class=\"elementor-element elementor-element-f029356 elementor-hidden-desktop elementor-hidden-tablet e-flex e-con-boxed e-con e-parent\" data-id=\"f029356\" data-element_type=\"container\">\n\t\t\t\t\t<div class=\"e-con-inner\">\n\t\t<div class=\"elementor-element elementor-element-af18bad e-con-full e-flex e-con e-child\" data-id=\"af18bad\" data-element_type=\"container\">\n\t\t\t\t<div class=\"elementor-element elementor-element-06373ad elementor-widget elementor-widget-text-editor\" data-id=\"06373ad\" data-element_type=\"widget\" data-widget_type=\"text-editor.default\">\n\t\t\t\t<div class=\"elementor-widget-container\">\n\t\t\t\t\t\t\t<p>L'organisation des examens pratiques d'exploitation pour les conducteurs de t\u00e9l\u00e9si\u00e8ges et d'engins de damage vient de se terminer.<\/p><p>Cette ann\u00e9e, pr\u00e8s de 40 candidats ont r\u00e9alis\u00e9 la partie pratique entre le 9 mars et le 13 avril, apr\u00e8s avoir valid\u00e9 la partie th\u00e9orique au d\u00e9but du mois de f\u00e9vrier. Les candidats qui r\u00e9ussissent la partie pratique obtiendront le certificat de qualification professionnelle, attestant ainsi leur capacit\u00e9 et exp\u00e9rience.<\/p><p>Ces examens sont possibles gr\u00e2ce \u00e0 la collaboration des jurys et des pr\u00e9sidents de session, qui exercent leur mission d\u2019\u00e9valuation avec professionnalisme et rigueur.<\/p>\t\t\t\t\t\t<\/div>\n\t\t\t\t<\/div>\n\t\t\t\t<\/div>\n\t\t<div class=\"elementor-element elementor-element-8d206fa e-flex e-con-boxed e-con e-child\" data-id=\"8d206fa\" data-element_type=\"container\" data-settings=\"{&quot;background_background&quot;:&quot;slideshow&quot;,&quot;background_slideshow_gallery&quot;:[{&quot;id&quot;:6688,&quot;url&quot;:&quot;https:\\\/\\\/skiandorra.ad\\\/wp-content\\\/uploads\\\/2026\\\/04\\\/telecadira1.jpg&quot;},{&quot;id&quot;:6687,&quot;url&quot;:&quot;https:\\\/\\\/skiandorra.ad\\\/wp-content\\\/uploads\\\/2026\\\/04\\\/telecadira2.jpg&quot;}],&quot;background_slideshow_loop&quot;:&quot;yes&quot;,&quot;background_slideshow_slide_duration&quot;:5000,&quot;background_slideshow_slide_transition&quot;:&quot;fade&quot;,&quot;background_slideshow_transition_duration&quot;:500}\">\n\t\t\t\t\t<div class=\"e-con-inner\">\n\t\t\t\t\t<\/div>\n\t\t\t\t<\/div>\n\t\t\t\t\t<\/div>\n\t\t\t\t<\/div>\n\t\t<div class=\"elementor-element elementor-element-4af569f e-flex e-con-boxed e-con e-parent\" data-id=\"4af569f\" data-element_type=\"container\">\n\t\t\t\t\t<div class=\"e-con-inner\">\n\t\t<div class=\"elementor-element elementor-element-96a50f4 e-con-full e-flex e-con e-child\" data-id=\"96a50f4\" data-element_type=\"container\">\n\t\t\t\t<div class=\"elementor-element elementor-element-51e4120 elementor-widget__width-initial elementor-widget elementor-widget-heading\" data-id=\"51e4120\" data-element_type=\"widget\" data-widget_type=\"heading.default\">\n\t\t\t\t<div class=\"elementor-widget-container\">\n\t\t\t<h2 class=\"elementor-heading-title elementor-size-default\">Examens Pisteur secouriste 1er degr\u00e9<\/h2>\t\t<\/div>\n\t\t\t\t<\/div>\n\t\t\t\t<\/div>\n\t\t<div class=\"elementor-element elementor-element-a4904c0 e-con-full e-flex e-con e-child\" data-id=\"a4904c0\" data-element_type=\"container\">\n\t\t\t\t<div class=\"elementor-element elementor-element-cab46e4 elementor-widget elementor-widget-heading\" data-id=\"cab46e4\" data-element_type=\"widget\" data-widget_type=\"heading.default\">\n\t\t\t\t<div class=\"elementor-widget-container\">\n\t\t\t<h2 class=\"elementor-heading-title elementor-size-default\">31\/03\/2026\n<\/h2>\t\t<\/div>\n\t\t\t\t<\/div>\n\t\t\t\t<\/div>\n\t\t\t\t\t<\/div>\n\t\t\t\t<\/div>\n\t\t<div class=\"elementor-element elementor-element-7b12487 elementor-hidden-mobile e-flex e-con-boxed e-con e-parent\" data-id=\"7b12487\" data-element_type=\"container\">\n\t\t\t\t\t<div class=\"e-con-inner\">\n\t\t<div class=\"elementor-element elementor-element-cbb7103 e-con-full e-flex e-con e-child\" data-id=\"cbb7103\" data-element_type=\"container\">\n\t\t\t\t<div class=\"elementor-element elementor-element-ec8cb33 elementor-widget elementor-widget-text-editor\" data-id=\"ec8cb33\" data-element_type=\"widget\" data-widget_type=\"text-editor.default\">\n\t\t\t\t<div class=\"elementor-widget-container\">\n\t\t\t\t\t\t\t<p class=\"p1\">Apr\u00e8s 5 semaines de formation, un total de dix candidats se sont pr\u00e9sent\u00e9s \u00e0 l'examen qui a eu lieu \u00e0 la station d\u2019Ordino \u2013 Arcalis.<\/p><p class=\"p1\">Les examens consistent en une s\u00e9rie d'ateliers portant sur le contenu de la formation\u00a0: connaissances g\u00e9n\u00e9rales du milieu de la montagne, premiers secours adapt\u00e9s \u00e0 la montagne, les techniques de sauvetage, pr\u00e9vention des accidents, les avalanches et la nivologie.<\/p><p class=\"p1\">Tous les candidats ont pass\u00e9 les \u00e9preuves de mani\u00e8re tout \u00e0 fait satisfaisante, obtenant ainsi le dipl\u00f4me de Pisteur Secouriste 1\u00ba degr\u00e9.<\/p>\t\t\t\t\t\t<\/div>\n\t\t\t\t<\/div>\n\t\t\t\t<\/div>\n\t\t<div class=\"elementor-element elementor-element-3bcb91b e-flex e-con-boxed e-con e-child\" data-id=\"3bcb91b\" data-element_type=\"container\" data-settings=\"{&quot;background_background&quot;:&quot;slideshow&quot;,&quot;background_slideshow_gallery&quot;:[{&quot;id&quot;:6649,&quot;url&quot;:&quot;https:\\\/\\\/skiandorra.ad\\\/wp-content\\\/uploads\\\/2026\\\/04\\\/20260330_114125-scaled.jpg&quot;},{&quot;id&quot;:6652,&quot;url&quot;:&quot;https:\\\/\\\/skiandorra.ad\\\/wp-content\\\/uploads\\\/2026\\\/04\\\/IMG-20260401-WA0001.jpg&quot;},{&quot;id&quot;:6650,&quot;url&quot;:&quot;https:\\\/\\\/skiandorra.ad\\\/wp-content\\\/uploads\\\/2026\\\/04\\\/IMG-20260401-WA0000.jpg&quot;},{&quot;id&quot;:6666,&quot;url&quot;:&quot;https:\\\/\\\/skiandorra.ad\\\/wp-content\\\/uploads\\\/2026\\\/04\\\/2026_Pisters_amb_Formadors.jpg&quot;}],&quot;background_slideshow_loop&quot;:&quot;yes&quot;,&quot;background_slideshow_slide_duration&quot;:5000,&quot;background_slideshow_slide_transition&quot;:&quot;fade&quot;,&quot;background_slideshow_transition_duration&quot;:500}\">\n\t\t\t\t\t<div class=\"e-con-inner\">\n\t\t\t\t\t<\/div>\n\t\t\t\t<\/div>\n\t\t\t\t\t<\/div>\n\t\t\t\t<\/div>\n\t\t<div class=\"elementor-element elementor-element-dd4219f elementor-hidden-desktop elementor-hidden-tablet e-flex e-con-boxed e-con e-parent\" data-id=\"dd4219f\" data-element_type=\"container\">\n\t\t\t\t\t<div class=\"e-con-inner\">\n\t\t<div class=\"elementor-element elementor-element-a285538 e-con-full e-flex e-con e-child\" data-id=\"a285538\" data-element_type=\"container\">\n\t\t\t\t<div class=\"elementor-element elementor-element-24535cb elementor-widget elementor-widget-text-editor\" data-id=\"24535cb\" data-element_type=\"widget\" data-widget_type=\"text-editor.default\">\n\t\t\t\t<div class=\"elementor-widget-container\">\n\t\t\t\t\t\t\t<p class=\"p1\">Despr\u00e9s de 5 setmanes de formaci\u00f3, un total de deu candidats s\u2019han presentat a l\u2019examen<span class=\"Apple-converted-space\">\u00a0 <\/span>que ha tingut lloc a l\u2019estaci\u00f3 d\u2019Ordino Arcalis.<\/p><p class=\"p1\">Els ex\u00e0mens consten de diferents tallers sobre el contingut que s\u2019ha fet durant la formaci\u00f3: coneixements generals en el medi de la muntanya, primers auxilis adaptats a la muntanya, t\u00e8cniques de rescat, prevenci\u00f3 d\u2019accidents,<span class=\"Apple-converted-space\">\u00a0 <\/span>allaus i nivologia.<\/p><p class=\"p1\">Tous les candidats ont pass\u00e9 les \u00e9preuves de mani\u00e8re tout \u00e0 fait satisfaisante, obtenant ainsi le dipl\u00f4me de Pisteur Secouriste 1\u00ba degr\u00e9.<\/p>\t\t\t\t\t\t<\/div>\n\t\t\t\t<\/div>\n\t\t\t\t<\/div>\n\t\t<div class=\"elementor-element elementor-element-ed7a52d e-flex e-con-boxed e-con e-child\" data-id=\"ed7a52d\" data-element_type=\"container\" data-settings=\"{&quot;background_background&quot;:&quot;slideshow&quot;,&quot;background_slideshow_gallery&quot;:[{&quot;id&quot;:6649,&quot;url&quot;:&quot;https:\\\/\\\/skiandorra.ad\\\/wp-content\\\/uploads\\\/2026\\\/04\\\/20260330_114125-scaled.jpg&quot;},{&quot;id&quot;:6652,&quot;url&quot;:&quot;https:\\\/\\\/skiandorra.ad\\\/wp-content\\\/uploads\\\/2026\\\/04\\\/IMG-20260401-WA0001.jpg&quot;},{&quot;id&quot;:6650,&quot;url&quot;:&quot;https:\\\/\\\/skiandorra.ad\\\/wp-content\\\/uploads\\\/2026\\\/04\\\/IMG-20260401-WA0000.jpg&quot;},{&quot;id&quot;:6666,&quot;url&quot;:&quot;https:\\\/\\\/skiandorra.ad\\\/wp-content\\\/uploads\\\/2026\\\/04\\\/2026_Pisters_amb_Formadors.jpg&quot;}],&quot;background_slideshow_loop&quot;:&quot;yes&quot;,&quot;background_slideshow_slide_duration&quot;:5000,&quot;background_slideshow_slide_transition&quot;:&quot;fade&quot;,&quot;background_slideshow_transition_duration&quot;:500}\">\n\t\t\t\t\t<div class=\"e-con-inner\">\n\t\t\t\t\t<\/div>\n\t\t\t\t<\/div>\n\t\t\t\t\t<\/div>\n\t\t\t\t<\/div>\n\t\t<div class=\"elementor-element elementor-element-c5f08ce e-flex e-con-boxed e-con e-parent\" data-id=\"c5f08ce\" data-element_type=\"container\">\n\t\t\t\t\t<div class=\"e-con-inner\">\n\t\t<div class=\"elementor-element elementor-element-df35577 e-con-full e-flex e-con e-child\" data-id=\"df35577\" data-element_type=\"container\">\n\t\t\t\t<div class=\"elementor-element elementor-element-abd2b75 elementor-widget__width-initial elementor-widget elementor-widget-heading\" data-id=\"abd2b75\" data-element_type=\"widget\" data-widget_type=\"heading.default\">\n\t\t\t\t<div class=\"elementor-widget-container\">\n\t\t\t<h2 class=\"elementor-heading-title elementor-size-default\">Examens d\u2019exploitation<\/h2>\t\t<\/div>\n\t\t\t\t<\/div>\n\t\t\t\t<\/div>\n\t\t<div class=\"elementor-element elementor-element-9e2aa1a e-con-full e-flex e-con e-child\" data-id=\"9e2aa1a\" data-element_type=\"container\">\n\t\t\t\t<div class=\"elementor-element elementor-element-9b7ae0b elementor-widget elementor-widget-heading\" data-id=\"9b7ae0b\" data-element_type=\"widget\" data-widget_type=\"heading.default\">\n\t\t\t\t<div class=\"elementor-widget-container\">\n\t\t\t<h2 class=\"elementor-heading-title elementor-size-default\">09\/02\/2026\n<\/h2>\t\t<\/div>\n\t\t\t\t<\/div>\n\t\t\t\t<\/div>\n\t\t\t\t\t<\/div>\n\t\t\t\t<\/div>\n\t\t<div class=\"elementor-element elementor-element-bd3741a elementor-hidden-mobile e-flex e-con-boxed e-con e-parent\" data-id=\"bd3741a\" data-element_type=\"container\">\n\t\t\t\t\t<div class=\"e-con-inner\">\n\t\t<div class=\"elementor-element elementor-element-2c22ce2 e-con-full e-flex e-con e-child\" data-id=\"2c22ce2\" data-element_type=\"container\">\n\t\t\t\t<div class=\"elementor-element elementor-element-904ebdb elementor-widget elementor-widget-text-editor\" data-id=\"904ebdb\" data-element_type=\"widget\" data-widget_type=\"text-editor.default\">\n\t\t\t\t<div class=\"elementor-widget-container\">\n\t\t\t\t\t\t\t<p class=\"p1\">Au cours de la deuxi\u00e8me quinzaine de janvier, les examens d\u2019exploitation ont \u00e9t\u00e9 r\u00e9alis\u00e9s pour le personnel  des stations de ski. \nLes examens pour devenir Agent de remont\u00e9es m\u00e9caniques et domaines skiables on \u00e9t\u00e9 r\u00e9alis\u00e9es, ainsi que la partie th\u00e9orique des examens pour les conducteurs de remont\u00e9es m\u00e9caniques et d\u2019engins de damage. Les examens se sont d\u00e9roul\u00e9s au centre de congr\u00e9s d\u2019Andorre la Vieille  avec  240 candidats.<\/p><p class=\"p1\">Plus d\u2019information:<\/p><p><a href=\"https:\/\/skiandorra.ad\/fr\/examens-agent-de-remuntadors-mecanics-i-dominis-esquiables\/\" target=\"_blank\" rel=\"noopener\"><span style=\"color: #76aee1;\">Examens d'agent de remont\u00e9es m\u00e9caniques et de domaines skiables<\/span><\/a><\/p>\t\t\t\t\t\t<\/div>\n\t\t\t\t<\/div>\n\t\t\t\t<\/div>\n\t\t<div class=\"elementor-element elementor-element-9622295 e-flex e-con-boxed e-con e-child\" data-id=\"9622295\" data-element_type=\"container\" data-settings=\"{&quot;background_background&quot;:&quot;slideshow&quot;,&quot;background_slideshow_gallery&quot;:[{&quot;id&quot;:6611,&quot;url&quot;:&quot;https:\\\/\\\/skiandorra.ad\\\/wp-content\\\/uploads\\\/2026\\\/02\\\/WhatsApp-Image-2026-01-29-at-16.20.52-1.jpeg&quot;}],&quot;background_slideshow_loop&quot;:&quot;yes&quot;,&quot;background_slideshow_slide_duration&quot;:5000,&quot;background_slideshow_slide_transition&quot;:&quot;fade&quot;,&quot;background_slideshow_transition_duration&quot;:500}\">\n\t\t\t\t\t<div class=\"e-con-inner\">\n\t\t\t\t\t<\/div>\n\t\t\t\t<\/div>\n\t\t\t\t\t<\/div>\n\t\t\t\t<\/div>\n\t\t<div class=\"elementor-element elementor-element-b792b30 elementor-hidden-desktop elementor-hidden-tablet e-flex e-con-boxed e-con e-parent\" data-id=\"b792b30\" data-element_type=\"container\">\n\t\t\t\t\t<div class=\"e-con-inner\">\n\t\t<div class=\"elementor-element elementor-element-2489576 e-con-full e-flex e-con e-child\" data-id=\"2489576\" data-element_type=\"container\">\n\t\t\t\t<div class=\"elementor-element elementor-element-70976be elementor-widget elementor-widget-text-editor\" data-id=\"70976be\" data-element_type=\"widget\" data-widget_type=\"text-editor.default\">\n\t\t\t\t<div class=\"elementor-widget-container\">\n\t\t\t\t\t\t\t<p class=\"p1\">Au cours de la deuxi\u00e8me quinzaine de janvier, les examens d\u2019exploitation ont \u00e9t\u00e9 r\u00e9alis\u00e9s pour le personnel  des stations de ski. \nLes examens pour devenir Agent de remont\u00e9es m\u00e9caniques et domaines skiables on \u00e9t\u00e9 r\u00e9alis\u00e9es, ainsi que la partie th\u00e9orique des examens pour les conducteurs de remont\u00e9es m\u00e9caniques et d\u2019engins de damage. Les examens se sont d\u00e9roul\u00e9s au centre de congr\u00e9s d\u2019Andorre la Vieille  avec  240 candidats.<\/p><p class=\"p1\">Plus d\u2019information:<\/p><p><a href=\"https:\/\/skiandorra.ad\/fr\/examens-agent-de-remuntadors-mecanics-i-dominis-esquiables\/\" target=\"_blank\" rel=\"noopener\"><span style=\"color: #76aee1;\">Examens d'agent de remont\u00e9es m\u00e9caniques et de domaines skiables<\/span><\/a><\/p>\t\t\t\t\t\t<\/div>\n\t\t\t\t<\/div>\n\t\t\t\t<\/div>\n\t\t<div class=\"elementor-element elementor-element-0798494 e-flex e-con-boxed e-con e-child\" data-id=\"0798494\" data-element_type=\"container\" data-settings=\"{&quot;background_background&quot;:&quot;slideshow&quot;,&quot;background_slideshow_gallery&quot;:[{&quot;id&quot;:6611,&quot;url&quot;:&quot;https:\\\/\\\/skiandorra.ad\\\/wp-content\\\/uploads\\\/2026\\\/02\\\/WhatsApp-Image-2026-01-29-at-16.20.52-1.jpeg&quot;}],&quot;background_slideshow_loop&quot;:&quot;yes&quot;,&quot;background_slideshow_slide_duration&quot;:5000,&quot;background_slideshow_slide_transition&quot;:&quot;fade&quot;,&quot;background_slideshow_transition_duration&quot;:500}\">\n\t\t\t\t\t<div class=\"e-con-inner\">\n\t\t\t\t\t<\/div>\n\t\t\t\t<\/div>\n\t\t\t\t\t<\/div>\n\t\t\t\t<\/div>\n\t\t<div class=\"elementor-element elementor-element-da8d311 e-flex e-con-boxed e-con e-parent\" data-id=\"da8d311\" data-element_type=\"container\">\n\t\t\t\t\t<div class=\"e-con-inner\">\n\t\t<div class=\"elementor-element elementor-element-f7de345 e-con-full e-flex e-con e-child\" data-id=\"f7de345\" data-element_type=\"container\">\n\t\t\t\t<div class=\"elementor-element elementor-element-7419873 elementor-widget__width-initial elementor-widget elementor-widget-heading\" data-id=\"7419873\" data-element_type=\"widget\" data-widget_type=\"heading.default\">\n\t\t\t\t<div class=\"elementor-widget-container\">\n\t\t\t<h2 class=\"elementor-heading-title elementor-size-default\">Ski de randonn\u00e9e sur les domaines skiables<\/h2>\t\t<\/div>\n\t\t\t\t<\/div>\n\t\t\t\t<\/div>\n\t\t<div class=\"elementor-element elementor-element-ad55cf9 e-con-full e-flex e-con e-child\" data-id=\"ad55cf9\" data-element_type=\"container\">\n\t\t\t\t<div class=\"elementor-element elementor-element-f0fd7d8 elementor-widget elementor-widget-heading\" data-id=\"f0fd7d8\" data-element_type=\"widget\" data-widget_type=\"heading.default\">\n\t\t\t\t<div class=\"elementor-widget-container\">\n\t\t\t<h2 class=\"elementor-heading-title elementor-size-default\">19\/01\/2026\n<\/h2>\t\t<\/div>\n\t\t\t\t<\/div>\n\t\t\t\t<\/div>\n\t\t\t\t\t<\/div>\n\t\t\t\t<\/div>\n\t\t<div class=\"elementor-element elementor-element-7f5fa91 elementor-hidden-mobile e-flex e-con-boxed e-con e-parent\" data-id=\"7f5fa91\" data-element_type=\"container\">\n\t\t\t\t\t<div class=\"e-con-inner\">\n\t\t<div class=\"elementor-element elementor-element-1cdcaeb e-con-full e-flex e-con e-child\" data-id=\"1cdcaeb\" data-element_type=\"container\">\n\t\t\t\t<div class=\"elementor-element elementor-element-02630ec elementor-widget elementor-widget-text-editor\" data-id=\"02630ec\" data-element_type=\"widget\" data-widget_type=\"text-editor.default\">\n\t\t\t\t<div class=\"elementor-widget-container\">\n\t\t\t\t\t\t\t<p class=\"p1\">Si vous pratiquez le ski de randonn\u00e9e dans les stations, il est indispensable de consulter au pr\u00e9alable les itin\u00e9raires autoris\u00e9s, les pistes habilit\u00e9es dans chaque station  ainsi que les heures \u00e9tablis, que ce soit pendant les heures d'ouverture au public ou en dehors de celles-ci.<\/p><p class=\"p1\">La pratique du ski de randonn\u00e9e  doit se faire en respectant les consignes de s\u00e9curit\u00e9, les recomendations et les instructions du personnel de la station, afin de garantir une activit\u00e9 s\u00fbre et compatible avec les autres usagers.<\/p><p class=\"p1\">Plus d\u2019information:<\/p><p><a href=\"https:\/\/skiandorra.ad\/fr\/esqui-de-muntanya-a-les-estacions-de-muntanya\/\" target=\"_blank\" rel=\"noopener\"><span style=\"color: #76aee1;\">Ski de randonn\u00e9e sur les domaines skiables<\/span><\/a><\/p>\t\t\t\t\t\t<\/div>\n\t\t\t\t<\/div>\n\t\t\t\t<\/div>\n\t\t<div class=\"elementor-element elementor-element-03b3f9b e-flex e-con-boxed e-con e-child\" data-id=\"03b3f9b\" data-element_type=\"container\" data-settings=\"{&quot;background_background&quot;:&quot;slideshow&quot;,&quot;background_slideshow_gallery&quot;:[{&quot;id&quot;:6584,&quot;url&quot;:&quot;https:\\\/\\\/skiandorra.ad\\\/wp-content\\\/uploads\\\/2026\\\/01\\\/MUNTANYA-1.png&quot;}],&quot;background_slideshow_loop&quot;:&quot;yes&quot;,&quot;background_slideshow_slide_duration&quot;:5000,&quot;background_slideshow_slide_transition&quot;:&quot;fade&quot;,&quot;background_slideshow_transition_duration&quot;:500}\">\n\t\t\t\t\t<div class=\"e-con-inner\">\n\t\t\t\t\t<\/div>\n\t\t\t\t<\/div>\n\t\t\t\t\t<\/div>\n\t\t\t\t<\/div>\n\t\t<div class=\"elementor-element elementor-element-14f9240 elementor-hidden-desktop elementor-hidden-tablet e-flex e-con-boxed e-con e-parent\" data-id=\"14f9240\" data-element_type=\"container\">\n\t\t\t\t\t<div class=\"e-con-inner\">\n\t\t<div class=\"elementor-element elementor-element-2fc3381 e-con-full e-flex e-con e-child\" data-id=\"2fc3381\" data-element_type=\"container\">\n\t\t\t\t<div class=\"elementor-element elementor-element-8469145 elementor-widget elementor-widget-text-editor\" data-id=\"8469145\" data-element_type=\"widget\" data-widget_type=\"text-editor.default\">\n\t\t\t\t<div class=\"elementor-widget-container\">\n\t\t\t\t\t\t\t<p class=\"p1\">Si vous pratiquez le ski de randonn\u00e9e dans les stations, il est indispensable de consulter au pr\u00e9alable les itin\u00e9raires autoris\u00e9s, les pistes habilit\u00e9es dans chaque station  ainsi que les heures \u00e9tablis, que ce soit pendant les heures d'ouverture au public ou en dehors de celles-ci.<\/p><p class=\"p1\">La pratique du ski de randonn\u00e9e  doit se faire en respectant les consignes de s\u00e9curit\u00e9, les recomendations et les instructions du personnel de la station, afin de garantir une activit\u00e9 s\u00fbre et compatible avec les autres usagers.<\/p><p class=\"p1\">Plus d\u2019information:<\/p><p><a href=\"https:\/\/skiandorra.ad\/fr\/esqui-de-muntanya-a-les-estacions-de-muntanya\/\" target=\"_blank\" rel=\"noopener\"><span style=\"color: #76aee1;\">Ski de randonn\u00e9e sur les domaines skiables<\/span><\/a><\/p>\t\t\t\t\t\t<\/div>\n\t\t\t\t<\/div>\n\t\t\t\t<\/div>\n\t\t<div class=\"elementor-element elementor-element-775fb5b e-flex e-con-boxed e-con e-child\" data-id=\"775fb5b\" data-element_type=\"container\" data-settings=\"{&quot;background_background&quot;:&quot;slideshow&quot;,&quot;background_slideshow_gallery&quot;:[{&quot;id&quot;:6584,&quot;url&quot;:&quot;https:\\\/\\\/skiandorra.ad\\\/wp-content\\\/uploads\\\/2026\\\/01\\\/MUNTANYA-1.png&quot;}],&quot;background_slideshow_loop&quot;:&quot;yes&quot;,&quot;background_slideshow_slide_duration&quot;:5000,&quot;background_slideshow_slide_transition&quot;:&quot;fade&quot;,&quot;background_slideshow_transition_duration&quot;:500}\">\n\t\t\t\t\t<div class=\"e-con-inner\">\n\t\t\t\t\t<\/div>\n\t\t\t\t<\/div>\n\t\t\t\t\t<\/div>\n\t\t\t\t<\/div>\n\t\t<div class=\"elementor-element elementor-element-1d66030 e-flex e-con-boxed e-con e-parent\" data-id=\"1d66030\" data-element_type=\"container\">\n\t\t\t\t\t<div class=\"e-con-inner\">\n\t\t<div class=\"elementor-element elementor-element-28d435e e-con-full e-flex e-con e-child\" data-id=\"28d435e\" data-element_type=\"container\">\n\t\t\t\t<div class=\"elementor-element elementor-element-34dd331 elementor-widget__width-initial elementor-widget elementor-widget-heading\" data-id=\"34dd331\" data-element_type=\"widget\" data-widget_type=\"heading.default\">\n\t\t\t\t<div class=\"elementor-widget-container\">\n\t\t\t<h2 class=\"elementor-heading-title elementor-size-default\">Exercice national de secours sur avalanche<\/h2>\t\t<\/div>\n\t\t\t\t<\/div>\n\t\t\t\t<\/div>\n\t\t<div class=\"elementor-element elementor-element-13d9c8f e-con-full e-flex e-con e-child\" data-id=\"13d9c8f\" data-element_type=\"container\">\n\t\t\t\t<div class=\"elementor-element elementor-element-b888505 elementor-widget elementor-widget-heading\" data-id=\"b888505\" data-element_type=\"widget\" data-widget_type=\"heading.default\">\n\t\t\t\t<div class=\"elementor-widget-container\">\n\t\t\t<h2 class=\"elementor-heading-title elementor-size-default\">09\/01\/2026\n<\/h2>\t\t<\/div>\n\t\t\t\t<\/div>\n\t\t\t\t<\/div>\n\t\t\t\t\t<\/div>\n\t\t\t\t<\/div>\n\t\t<div class=\"elementor-element elementor-element-39e8f82 elementor-hidden-mobile e-flex e-con-boxed e-con e-parent\" data-id=\"39e8f82\" data-element_type=\"container\">\n\t\t\t\t\t<div class=\"e-con-inner\">\n\t\t<div class=\"elementor-element elementor-element-1b9a68c e-con-full e-flex e-con e-child\" data-id=\"1b9a68c\" data-element_type=\"container\">\n\t\t\t\t<div class=\"elementor-element elementor-element-e4a86d8 elementor-widget elementor-widget-text-editor\" data-id=\"e4a86d8\" data-element_type=\"widget\" data-widget_type=\"text-editor.default\">\n\t\t\t\t<div class=\"elementor-widget-container\">\n\t\t\t\t\t\t\t<p class=\"p1\">Le secteur du Cubil de la station de Pal a accueilli, le 8 janvier, l'exercice national de secours sur avalanche, en pr\u00e9sence d'une quatre-vingtaine de professionnels. Protection Civile, Pompiers, pisteurs des stations, Police entre autres ont particip\u00e9 \u00e0 cet \u00e9v\u00e9nement.<\/p><p class=\"p1\">Il s'agissait d'une journ\u00e9e technique consacr\u00e9e \u00e0 la r\u00e9vision et \u00e0 la mise \u00e0 jour des proc\u00e9dures, des outils et des techniques de sauvetage \u00e0 mettre en place en cas d'avalanche dans un domaine skiable.  L'objectif \u00e9tait d'\u00e9valuer la coordination et la r\u00e9ponse des diff\u00e9rents acteurs impliqu\u00e9s dans une situation d'urgence afin d'am\u00e9liorer l'efficacit\u00e9 de la gestion et de la r\u00e9solution des incidents li\u00e9s aux avalanches.<\/p>\t\t\t\t\t\t<\/div>\n\t\t\t\t<\/div>\n\t\t\t\t<\/div>\n\t\t<div class=\"elementor-element elementor-element-cc14da6 e-flex e-con-boxed e-con e-child\" data-id=\"cc14da6\" data-element_type=\"container\" data-settings=\"{&quot;background_background&quot;:&quot;video&quot;,&quot;background_video_link&quot;:&quot;https:\\\/\\\/skiandorra.ad\\\/wp-content\\\/uploads\\\/2026\\\/01\\\/REEL-SIMULACRE-ALLAU-INTERNACIONAL-1.mov&quot;}\">\n\t\t\t\t\t<div class=\"e-con-inner\">\n\t\t<div class=\"elementor-background-video-container elementor-hidden-phone\">\n\t\t\t\t\t\t\t<video class=\"elementor-background-video-hosted elementor-html5-video\" autoplay muted playsinline loop><\/video>\n\t\t\t\t\t<\/div>\t\t\t<\/div>\n\t\t\t\t<\/div>\n\t\t\t\t\t<\/div>\n\t\t\t\t<\/div>\n\t\t<div class=\"elementor-element elementor-element-0775514 elementor-hidden-desktop e-flex e-con-boxed e-con e-parent\" data-id=\"0775514\" data-element_type=\"container\">\n\t\t\t\t\t<div class=\"e-con-inner\">\n\t\t<div class=\"elementor-element elementor-element-d8555f7 e-con-full e-flex e-con e-child\" data-id=\"d8555f7\" data-element_type=\"container\">\n\t\t\t\t<div class=\"elementor-element elementor-element-ced202c elementor-widget elementor-widget-text-editor\" data-id=\"ced202c\" data-element_type=\"widget\" data-widget_type=\"text-editor.default\">\n\t\t\t\t<div class=\"elementor-widget-container\">\n\t\t\t\t\t\t\t<p class=\"p1\">Le secteur du Cubil de la station de Pal a accueilli, le 8 janvier, l'exercice national de secours sur avalanche, en pr\u00e9sence d'une quatre-vingtaine de professionnels. Protection Civile, Pompiers, pisteurs des stations, Police entre autres ont particip\u00e9 \u00e0 cet \u00e9v\u00e9nement.<\/p><p class=\"p1\">Il s'agissait d'une journ\u00e9e technique consacr\u00e9e \u00e0 la r\u00e9vision et \u00e0 la mise \u00e0 jour des proc\u00e9dures, des outils et des techniques de sauvetage \u00e0 mettre en place en cas d'avalanche dans un domaine skiable.  L'objectif \u00e9tait d'\u00e9valuer la coordination et la r\u00e9ponse des diff\u00e9rents acteurs impliqu\u00e9s dans une situation d'urgence afin d'am\u00e9liorer l'efficacit\u00e9 de la gestion et de la r\u00e9solution des incidents li\u00e9s aux avalanches.<\/p>\t\t\t\t\t\t<\/div>\n\t\t\t\t<\/div>\n\t\t\t\t<\/div>\n\t\t<div class=\"elementor-element elementor-element-254601b e-flex e-con-boxed e-con e-child\" data-id=\"254601b\" data-element_type=\"container\" data-settings=\"{&quot;background_background&quot;:&quot;video&quot;,&quot;background_video_link&quot;:&quot;https:\\\/\\\/skiandorra.ad\\\/wp-content\\\/uploads\\\/2026\\\/01\\\/REEL-SIMULACRE-ALLAU-INTERNACIONAL-1.mov&quot;,&quot;background_play_on_mobile&quot;:&quot;yes&quot;}\">\n\t\t\t\t\t<div class=\"e-con-inner\">\n\t\t<div class=\"elementor-background-video-container\">\n\t\t\t\t\t\t\t<video class=\"elementor-background-video-hosted elementor-html5-video\" autoplay muted playsinline loop><\/video>\n\t\t\t\t\t<\/div>\t\t\t<\/div>\n\t\t\t\t<\/div>\n\t\t\t\t\t<\/div>\n\t\t\t\t<\/div>\n\t\t<div class=\"elementor-element elementor-element-4935182 e-flex e-con-boxed e-con e-parent\" data-id=\"4935182\" data-element_type=\"container\">\n\t\t\t\t\t<div class=\"e-con-inner\">\n\t\t<div class=\"elementor-element elementor-element-63379f6 e-con-full e-flex e-con e-child\" data-id=\"63379f6\" data-element_type=\"container\">\n\t\t\t\t<div class=\"elementor-element elementor-element-93d23d1 elementor-widget__width-initial elementor-widget elementor-widget-heading\" data-id=\"93d23d1\" data-element_type=\"widget\" data-widget_type=\"heading.default\">\n\t\t\t\t<div class=\"elementor-widget-container\">\n\t\t\t<h2 class=\"elementor-heading-title elementor-size-default\">Saison 2025\/2026<\/h2>\t\t<\/div>\n\t\t\t\t<\/div>\n\t\t\t\t<\/div>\n\t\t<div class=\"elementor-element elementor-element-b0a7490 e-con-full e-flex e-con e-child\" data-id=\"b0a7490\" data-element_type=\"container\">\n\t\t\t\t<div class=\"elementor-element elementor-element-1c8375f elementor-widget elementor-widget-heading\" data-id=\"1c8375f\" data-element_type=\"widget\" data-widget_type=\"heading.default\">\n\t\t\t\t<div class=\"elementor-widget-container\">\n\t\t\t<h2 class=\"elementor-heading-title elementor-size-default\">05\/12\/25\n<\/h2>\t\t<\/div>\n\t\t\t\t<\/div>\n\t\t\t\t<\/div>\n\t\t\t\t\t<\/div>\n\t\t\t\t<\/div>\n\t\t<div class=\"elementor-element elementor-element-8d024f5 elementor-hidden-mobile e-flex e-con-boxed e-con e-parent\" data-id=\"8d024f5\" data-element_type=\"container\">\n\t\t\t\t\t<div class=\"e-con-inner\">\n\t\t<div class=\"elementor-element elementor-element-d3733e0 e-con-full e-flex e-con e-child\" data-id=\"d3733e0\" data-element_type=\"container\">\n\t\t\t\t<div class=\"elementor-element elementor-element-8b29dfa elementor-widget elementor-widget-text-editor\" data-id=\"8b29dfa\" data-element_type=\"widget\" data-widget_type=\"text-editor.default\">\n\t\t\t\t<div class=\"elementor-widget-container\">\n\t\t\t\t\t\t\t<p class=\"p1\">Les stations de ski d'Andorre ont officiellement lanc\u00e9 la saison d'hiver, qui se prolongera jusqu'au 6 avril.<\/p><p class=\"p2\">Cela a \u00e9t\u00e9 possible gr\u00e2ce aux chutes de neige enregistr\u00e9es du mois de novembre, mais surtout gr\u00e2ce au travail accompli par les \u00e9quipes techniques et au r\u00e9seau technique d'enneigement de neige de culture des domaines.<\/p>\t\t\t\t\t\t<\/div>\n\t\t\t\t<\/div>\n\t\t\t\t<\/div>\n\t\t<div class=\"elementor-element elementor-element-46f4803 e-flex e-con-boxed e-con e-child\" data-id=\"46f4803\" data-element_type=\"container\" data-settings=\"{&quot;background_background&quot;:&quot;slideshow&quot;,&quot;background_slideshow_gallery&quot;:[{&quot;id&quot;:6139,&quot;url&quot;:&quot;https:\\\/\\\/skiandorra.ad\\\/wp-content\\\/uploads\\\/2025\\\/12\\\/PAL-ARINSAL-25-26-1-scaled.jpg&quot;}],&quot;background_slideshow_loop&quot;:&quot;yes&quot;,&quot;background_slideshow_slide_duration&quot;:5000,&quot;background_slideshow_slide_transition&quot;:&quot;fade&quot;,&quot;background_slideshow_transition_duration&quot;:500}\">\n\t\t\t\t\t<div class=\"e-con-inner\">\n\t\t\t\t\t<\/div>\n\t\t\t\t<\/div>\n\t\t\t\t\t<\/div>\n\t\t\t\t<\/div>\n\t\t<div class=\"elementor-element elementor-element-b7c110b elementor-hidden-desktop e-flex e-con-boxed e-con e-parent\" data-id=\"b7c110b\" data-element_type=\"container\">\n\t\t\t\t\t<div class=\"e-con-inner\">\n\t\t<div class=\"elementor-element elementor-element-8cccf5b e-con-full e-flex e-con e-child\" data-id=\"8cccf5b\" data-element_type=\"container\">\n\t\t\t\t<div class=\"elementor-element elementor-element-da543dc elementor-widget elementor-widget-text-editor\" data-id=\"da543dc\" data-element_type=\"widget\" data-widget_type=\"text-editor.default\">\n\t\t\t\t<div class=\"elementor-widget-container\">\n\t\t\t\t\t\t\t<p class=\"p1\">Les stations de ski d'Andorre ont officiellement lanc\u00e9 la saison d'hiver, qui se prolongera jusqu'au 6 avril.<\/p><p class=\"p2\">Cela a \u00e9t\u00e9 possible gr\u00e2ce aux chutes de neige enregistr\u00e9es du mois de novembre, mais surtout gr\u00e2ce au travail accompli par les \u00e9quipes techniques et au r\u00e9seau technique d'enneigement de neige de culture des domaines.<\/p>\t\t\t\t\t\t<\/div>\n\t\t\t\t<\/div>\n\t\t\t\t<\/div>\n\t\t<div class=\"elementor-element elementor-element-5801001 e-flex e-con-boxed e-con e-child\" data-id=\"5801001\" data-element_type=\"container\" data-settings=\"{&quot;background_background&quot;:&quot;slideshow&quot;,&quot;background_slideshow_gallery&quot;:[{&quot;id&quot;:6139,&quot;url&quot;:&quot;https:\\\/\\\/skiandorra.ad\\\/wp-content\\\/uploads\\\/2025\\\/12\\\/PAL-ARINSAL-25-26-1-scaled.jpg&quot;}],&quot;background_slideshow_loop&quot;:&quot;yes&quot;,&quot;background_slideshow_slide_duration&quot;:5000,&quot;background_slideshow_slide_transition&quot;:&quot;fade&quot;,&quot;background_slideshow_transition_duration&quot;:500}\">\n\t\t\t\t\t<div class=\"e-con-inner\">\n\t\t\t\t\t<\/div>\n\t\t\t\t<\/div>\n\t\t\t\t\t<\/div>\n\t\t\t\t<\/div>\n\t\t<div class=\"elementor-element elementor-element-564bf39 e-flex e-con-boxed e-con e-parent\" data-id=\"564bf39\" data-element_type=\"container\">\n\t\t\t\t\t<div class=\"e-con-inner\">\n\t\t<div class=\"elementor-element elementor-element-1ce1b24 e-con-full e-flex e-con e-child\" data-id=\"1ce1b24\" data-element_type=\"container\">\n\t\t\t\t<div class=\"elementor-element elementor-element-7102427 elementor-widget__width-initial elementor-widget elementor-widget-heading\" data-id=\"7102427\" data-element_type=\"widget\" data-widget_type=\"heading.default\">\n\t\t\t\t<div class=\"elementor-widget-container\">\n\t\t\t<h2 class=\"elementor-heading-title elementor-size-default\">Ordino Arcal\u00eds inaugure la saison de ski <\/h2>\t\t<\/div>\n\t\t\t\t<\/div>\n\t\t\t\t<\/div>\n\t\t<div class=\"elementor-element elementor-element-be640da e-con-full e-flex e-con e-child\" data-id=\"be640da\" data-element_type=\"container\">\n\t\t\t\t<div class=\"elementor-element elementor-element-6dc2d74 elementor-widget elementor-widget-heading\" data-id=\"6dc2d74\" data-element_type=\"widget\" data-widget_type=\"heading.default\">\n\t\t\t\t<div class=\"elementor-widget-container\">\n\t\t\t<h2 class=\"elementor-heading-title elementor-size-default\">28\/11\/25\n<\/h2>\t\t<\/div>\n\t\t\t\t<\/div>\n\t\t\t\t<\/div>\n\t\t\t\t\t<\/div>\n\t\t\t\t<\/div>\n\t\t<div class=\"elementor-element elementor-element-4247989 elementor-hidden-mobile e-flex e-con-boxed e-con e-parent\" data-id=\"4247989\" data-element_type=\"container\">\n\t\t\t\t\t<div class=\"e-con-inner\">\n\t\t<div class=\"elementor-element elementor-element-2251cfc e-con-full e-flex e-con e-child\" data-id=\"2251cfc\" data-element_type=\"container\">\n\t\t\t\t<div class=\"elementor-element elementor-element-18ade1b elementor-widget elementor-widget-text-editor\" data-id=\"18ade1b\" data-element_type=\"widget\" data-widget_type=\"text-editor.default\">\n\t\t\t\t<div class=\"elementor-widget-container\">\n\t\t\t\t\t\t\t<p class=\"p1\">La station ouvre partiellement d\u00e8s aujourd'hui la zone de la Coma et \u00e9largira son domaine skiable dans les prochains jours.<\/p><p class=\"p2\">Les r\u00e9centes chutes de neige et le travail des \u00e9quipes techniques ont permis d'avancer l'ouverture d'une semaine.<\/p><p class=\"p2\">Les autres stations ouvriront \u00e0 la date pr\u00e9vue pour <b>le d\u00e9but officiel de la saison, fix\u00e9e au 5 d\u00e9cembre.<\/b><\/p>\t\t\t\t\t\t<\/div>\n\t\t\t\t<\/div>\n\t\t\t\t<\/div>\n\t\t<div class=\"elementor-element elementor-element-d994877 e-flex e-con-boxed e-con e-child\" data-id=\"d994877\" data-element_type=\"container\" data-settings=\"{&quot;background_background&quot;:&quot;slideshow&quot;,&quot;background_slideshow_gallery&quot;:[{&quot;id&quot;:6103,&quot;url&quot;:&quot;https:\\\/\\\/skiandorra.ad\\\/wp-content\\\/uploads\\\/2025\\\/11\\\/ORDINO-ARCALIS-27.11.25-6-scaled.jpg&quot;}],&quot;background_slideshow_loop&quot;:&quot;yes&quot;,&quot;background_slideshow_slide_duration&quot;:5000,&quot;background_slideshow_slide_transition&quot;:&quot;fade&quot;,&quot;background_slideshow_transition_duration&quot;:500}\">\n\t\t\t\t\t<div class=\"e-con-inner\">\n\t\t\t\t\t<\/div>\n\t\t\t\t<\/div>\n\t\t\t\t\t<\/div>\n\t\t\t\t<\/div>\n\t\t<div class=\"elementor-element elementor-element-64117cc elementor-hidden-desktop e-flex e-con-boxed e-con e-parent\" data-id=\"64117cc\" data-element_type=\"container\">\n\t\t\t\t\t<div class=\"e-con-inner\">\n\t\t<div class=\"elementor-element elementor-element-45735ba e-con-full e-flex e-con e-child\" data-id=\"45735ba\" data-element_type=\"container\">\n\t\t\t\t<div class=\"elementor-element elementor-element-77134aa elementor-widget elementor-widget-text-editor\" data-id=\"77134aa\" data-element_type=\"widget\" data-widget_type=\"text-editor.default\">\n\t\t\t\t<div class=\"elementor-widget-container\">\n\t\t\t\t\t\t\t<p class=\"p1\">L\u2019estaci\u00f3 obre parcialment des d\u2019avui l\u2019\u00e0rea de la Coma i anir\u00e0 ampliant el domini esquiable disponible en els pr\u00f2xims dies<\/p><p class=\"p2\">Les r\u00e9centes chutes de neige et le travail des \u00e9quipes techniques ont permis d'avancer l'ouverture d'une semaine.<\/p><p class=\"p2\">Les autres stations ouvriront \u00e0 la date pr\u00e9vue pour <b>le d\u00e9but officiel de la saison, fix\u00e9e au 5 d\u00e9cembre.<\/b><\/p>\t\t\t\t\t\t<\/div>\n\t\t\t\t<\/div>\n\t\t\t\t<\/div>\n\t\t<div class=\"elementor-element elementor-element-a7cb292 e-flex e-con-boxed e-con e-child\" data-id=\"a7cb292\" data-element_type=\"container\" data-settings=\"{&quot;background_background&quot;:&quot;slideshow&quot;,&quot;background_slideshow_gallery&quot;:[{&quot;id&quot;:6103,&quot;url&quot;:&quot;https:\\\/\\\/skiandorra.ad\\\/wp-content\\\/uploads\\\/2025\\\/11\\\/ORDINO-ARCALIS-27.11.25-6-scaled.jpg&quot;}],&quot;background_slideshow_loop&quot;:&quot;yes&quot;,&quot;background_slideshow_slide_duration&quot;:5000,&quot;background_slideshow_slide_transition&quot;:&quot;fade&quot;,&quot;background_slideshow_transition_duration&quot;:500}\">\n\t\t\t\t\t<div class=\"e-con-inner\">\n\t\t\t\t\t<\/div>\n\t\t\t\t<\/div>\n\t\t\t\t\t<\/div>\n\t\t\t\t<\/div>\n\t\t\t\t<\/div>","protected":false},"excerpt":{"rendered":"<p>Les estacions d\u2019esqu\u00ed d\u2019Andorra tanquen una molt bona temporada d\u2019hivern 2025\/26 14\/04\/2026 Amb un balan\u00e7 positiu, les estacions d\u2019esqu\u00ed d\u2019Andorra han donat per finalitzada la temporada el diumenge 12 d\u2019abril, amb 2.382.805 dies d\u2019esqu\u00ed venuts, un creixement del 2,7% respecte l\u2019hivern passat i un augment del 4,25% en la xifra de negoci.. Ha estat un [&hellip;]<\/p>","protected":false},"author":6,"featured_media":0,"parent":0,"menu_order":0,"comment_status":"closed","ping_status":"closed","template":"","meta":{"inline_featured_image":false,"footnotes":""},"class_list":["post-5613","page","type-page","status-publish","hentry"],"_links":{"self":[{"href":"https:\/\/skiandorra.ad\/fr\/wp-json\/wp\/v2\/pages\/5613","targetHints":{"allow":["GET"]}}],"collection":[{"href":"https:\/\/skiandorra.ad\/fr\/wp-json\/wp\/v2\/pages"}],"about":[{"href":"https:\/\/skiandorra.ad\/fr\/wp-json\/wp\/v2\/types\/page"}],"author":[{"embeddable":true,"href":"https:\/\/skiandorra.ad\/fr\/wp-json\/wp\/v2\/users\/6"}],"replies":[{"embeddable":true,"href":"https:\/\/skiandorra.ad\/fr\/wp-json\/wp\/v2\/comments?post=5613"}],"version-history":[{"count":151,"href":"https:\/\/skiandorra.ad\/fr\/wp-json\/wp\/v2\/pages\/5613\/revisions"}],"predecessor-version":[{"id":6713,"href":"https:\/\/skiandorra.ad\/fr\/wp-json\/wp\/v2\/pages\/5613\/revisions\/6713"}],"wp:attachment":[{"href":"https:\/\/skiandorra.ad\/fr\/wp-json\/wp\/v2\/media?parent=5613"}],"curies":[{"name":"wp","href":"https:\/\/api.w.org\/{rel}","templated":true}]}}